{"id":38575,"date":"2026-04-23T12:57:27","date_gmt":"2026-04-23T10:57:27","guid":{"rendered":"https:\/\/dante-freiburg.de\/events\/mercato-di-partenariato-internazionale-della-citta-di-friburgo\/"},"modified":"2026-04-23T13:12:49","modified_gmt":"2026-04-23T11:12:49","slug":"mercato-di-partenariato-internazionale-della-citta-di-friburgo","status":"publish","type":"mep_events","link":"https:\/\/dante-freiburg.de\/it\/events\/mercato-di-partenariato-internazionale-della-citta-di-friburgo\/","title":{"rendered":"Mercatino internazionale delle citt\u00e0 gemellate di Freiburg"},"content":{"rendered":"<p><strong>Il mercatino di due giorni delle citt\u00e0 gemellate di Friburgo<\/strong> si svolge ogni due anni, anche questa volta nella piazza della Sinagoga Vecchia. La Societ\u00e0 Dante Alighieri di Friburgo, in qualit\u00e0 di associazione ufficiale per il gemellaggio con Padova, sar\u00e0 presente con uno stand e presenter\u00e0 i punti salienti di questa citt\u00e0 italiana, che si trova vicino a Venezia. Un programma internazionale sar\u00e0 presentato su un palco dalle associazioni di gemellaggio e dalle citt\u00e0 partner. &nbsp;<\/p>\n<p><strong>Apertura ufficiale: 12 giugno 2026, ore 10.00.<\/strong><\/p>\n<p>&nbsp;<\/p>\n","protected":false},"excerpt":{"rendered":"<p>Il mercatino di due giorni delle citt\u00e0 gemellate di Friburgo si svolge ogni due anni, anche questa volta nella piazza della Sinagoga Vecchia. La Societ\u00e0 Dante Alighieri di Friburgo, in qualit\u00e0 di associazione ufficiale per il gemellaggio con Padova, sar\u00e0 presente con uno stand e presenter\u00e0 i punti salienti di questa citt\u00e0 italiana, che si [&hellip;]<\/p>\n","protected":false},"author":1,"featured_media":38577,"template":"","meta":{"_acf_changed":false,"ngg_post_thumbnail":0},"product_cat":[62,125,131],"mep_cat":[209,123,132],"mep_org":[49,205],"mep_tag":[],"class_list":["post-38575","mep_events","type-mep_events","status-publish","has-post-thumbnail","hentry","product_cat-evento-culturale","product_cat-evento-partner","product_cat-festivitaet-it","mep_cat-evento-culturale","mep_cat-evento-partner","mep_cat-festivitaet-it","mep_org-dag-freiburg-it","mep_org-stadt-freiburg-it"],"acf":[],"event_informations":{"_tax_status":["none"],"link_wc_product":["38589"],"check_if_run_once":["1"],"_last_translation_edit_mode":["native-editor"],"_wpml_media_duplicate":["1"],"_wpml_media_featured":["1"],"_sku":[""],"_sold_individually":["no"],"_tax_class":[""],"_virtual":["yes"],"_price":["0"],"_top_nav_excluded":[""],"_cms_nav_minihome":[""],"_wp_page_template":["default"],"jupiterx_header":["1"],"jupiterx_header_overlap":["global"],"jupiterx_header_type":["global"],"jupiterx_header_behavior":["global"],"jupiterx_layout":["global"],"jupiterx_content_full_width":["0"],"jupiterx_sidebar_primary":["global"],"jupiterx_sidebar_secondary":["global"],"jupiterx_post_featured_image":["global"],"jupiterx_post_comments":["global"],"jupiterx_main_background_color":[""],"jupiterx_main_background_image":[""],"jupiterx_main_background_position":[""],"jupiterx_main_background_repeat":[""],"jupiterx_main_background_attachment":[""],"jupiterx_main_background_size":[""],"jupiterx_main_background":[""],"jupiterx_main_spacing_padding_top":[""],"jupiterx_main_spacing_padding_right":[""],"jupiterx_main_spacing_padding_bottom":[""],"jupiterx_main_spacing_padding_left":[""],"jupiterx_main_spacing_margin_top":[""],"jupiterx_main_spacing_margin_right":[""],"jupiterx_main_spacing_margin_bottom":[""],"jupiterx_main_spacing_margin_left":[""],"jupiterx_main_spacing":[""],"jupiterx_title_bar_title":["global"],"jupiterx_title_bar_breadcrumb":["global"],"jupiterx_footer_type":["global"],"jupiterx_footer_behavior":["global"],"jupiterx_post_meta":["global"],"jupiterx_post_tags":["global"],"jupiterx_post_social_share":["global"],"jupiterx_post_author_box":["global"],"jupiterx_post_related_posts":["global"],"_thumbnail_id":["38577"],"_wpml_word_count":["101"],"_eael_post_view_count":["24"],"event_upcoming_datetime":["2026-06-13 18:00:00"],"_edit_lock":["1777024035:1"],"_edit_last":["1"],"_jupiterx_header":["field_jupiterx_post_header"],"_jupiterx_header_overlap":["field_jupiterx_post_header_overlap"],"_jupiterx_header_type":["field_jupiterx_post_header_type"],"_jupiterx_header_behavior":["field_jupiterx_post_header_behavior"],"_jupiterx_layout":["field_jupiterx_post_main_layout"],"_jupiterx_content_full_width":["field_jupiterx_post_main_full_width"],"_jupiterx_sidebar_primary":["field_jupiterx_post_main_sidebar_primary"],"_jupiterx_sidebar_secondary":["field_jupiterx_post_main_sidebar_secondary"],"_jupiterx_post_featured_image":["field_jupiterx_post_main_featured_image"],"_jupiterx_post_meta":["field_jupiterx_post_main_meta"],"_jupiterx_post_tags":["field_jupiterx_post_main_tags"],"_jupiterx_post_social_share":["field_jupiterx_post_main_social_share"],"_jupiterx_post_author_box":["field_jupiterx_post_main_author_box"],"_jupiterx_post_related_posts":["field_jupiterx_post_main_related_posts"],"_jupiterx_post_comments":["field_jupiterx_post_main_comments"],"_jupiterx_main_background_color":["color"],"_jupiterx_main_background_image":["image"],"_jupiterx_main_background_position":["position"],"_jupiterx_main_background_repeat":["repeat"],"_jupiterx_main_background_attachment":["attachment"],"_jupiterx_main_background_size":["size"],"_jupiterx_main_background":["field_jupiterx_post_main_background"],"_jupiterx_main_spacing_padding_top":["padding_top"],"_jupiterx_main_spacing_padding_right":["padding_right"],"_jupiterx_main_spacing_padding_bottom":["padding_bottom"],"_jupiterx_main_spacing_padding_left":["padding_left"],"_jupiterx_main_spacing_margin_top":["margin_top"],"_jupiterx_main_spacing_margin_right":["margin_right"],"_jupiterx_main_spacing_margin_bottom":["margin_bottom"],"_jupiterx_main_spacing_margin_left":["margin_left"],"_jupiterx_main_spacing":["field_jupiterx_post_main_spacing"],"_jupiterx_title_bar_title":["field_jupiterx_post_title_bar_title"],"_jupiterx_title_bar_breadcrumb":["field_jupiterx_post_title_bar_breadcrumb"],"jupiterx_title_bar_subtitle":[""],"_jupiterx_title_bar_subtitle":["field_jupiterx_post_title_bar_subtitle"],"jupiterx_footer":["1"],"_jupiterx_footer":["field_jupiterx_post_footer"],"_jupiterx_footer_type":["field_jupiterx_post_footer_type"],"_jupiterx_footer_behavior":["field_jupiterx_post_footer_behavior"],"mep_event_type":["offline"],"mep_org_address":["0"],"mep_location_venue":["Mercatino delle citt\u00e0 gemellate"],"mep_street":["Platz der alten Synagoge"],"mep_city":["Freiburg"],"mep_state":[""],"mep_postcode":[""],"mep_country":[""],"longitude":["7.845844"],"latitude":["47.9951773"],"mep_sgm":["1"],"location_name":[""],"mep_reg_status":["off"],"mep_show_advance_col_status":["off"],"mep_reg_status_show_msg":["off"],"mep_reg_status_show_msg_txt":[""],"mep_event_ticket_type":["a:0:{}"],"mep_events_extra_prices":["a:0:{}"],"mep_enable_recurring":["no"],"event_start_date":["2026-06-12"],"event_start_time":["10:00"],"event_end_date":["2026-06-13"],"event_end_time":["18:00"],"event_start_datetime":["2026-06-12 10:00:00"],"event_end_datetime":["2026-06-13 18:00:00"],"mep_event_more_date":["a:0:{}"],"event_expire_datetime":["2026-06-13 18:00:00"],"mep_buffer_time":["0"],"mep_enable_custom_dt_format":["off"],"mep_event_date_format":[""],"mep_event_custom_date_format":[""],"mep_event_time_format":[""],"mep_custom_event_time_format":[""],"mep_time_zone_display":["Bitte ausw\u00e4hlen ..."],"mep_full_name":[""],"mep_reg_email":[""],"mep_reg_phone":[""],"mep_reg_address":[""],"mep_reg_designation":[""],"mep_reg_website":[""],"mep_reg_veg":[""],"mep_reg_company":[""],"mep_reg_gender":[""],"mep_reg_tshirtsize":[""],"mep_reg_tshirtsize_list":[""],"mep_show_end_datetime":["yes"],"mep_available_seat":["off"],"mep_member_only_event":["for_all"],"mep_member_only_user_role":["a:1:{i:0;s:3:\"all\";}"],"_stock_msg":["new"],"_list_column":[""],"event_list":["a:0:{}"],"related_section_label":[""],"mep_related_event_status":["off"],"mep_speaker_title":[""],"mep_event_speaker_icon":[""],"mep_event_speakers_list":["a:0:{}"],"mep_display_slider":["on"],"mep_gallery_images":["a:1:{i:0;s:0:\"\";}"],"mep_list_thumbnail":[""],"mep_rich_text_status":["enable"],"mep_rt_event_status":["EventRescheduled"],"mep_rt_event_attandence_mode":["OfflineEventAttendanceMode"],"mep_rt_event_prvdate":[""],"mep_event_template":["default-theme.php"],"_stock":["0"],"mp_event_virtual_type_des":[""],"mep_show_upcoming_event":[""],"mep_event_cc_email_text":[""],"enable_global_qty":["off"],"mep_gq_total_resv_seat":[""],"mep_gq_total_seat":[""],"event_date_gq":[""],"event_date_gq_rev":[""],"mep_gq_type":["global"],"ex_event_date_gq":[""],"ex_event_date_gq_rev":[""],"ex_enable_global_qty":["off"],"ex_mep_gq_total_resv_seat":[""],"ex_mep_gq_total_seat":[""],"ex_mep_gq_type":["global"],"mep_pdf_custom_text":[""],"mep_event_faq":["a:0:{}"],"mep_faq_description":[""],"mep_faq_status":["on"],"mep_timeline_status":["on"],"mep_event_day":["a:0:{}"],"mep_fb_send_email_confirmation":[""],"mep_name_label":[""],"mep_email_label":[""],"mep_phone_label":[""],"mep_address_label":[""],"mep_tshirt_label":[""],"mep_desg_label":[""],"mep_website_label":[""],"mep_veg_label":[""],"mep_company_label":[""],"mep_gender_label":[""],"mep_event_reg_form_id":["custom_form"],"mep_form_builder_data":["a:0:{}"],"mep_conditional_form_check":["off"],"mep_conditional_infos":["a:0:{}"],"mep_event_show_attendee_list":["off"],"mep_event_attendee_edit_frontend":["off"],"mep_disable_term_condition":["no"],"_wpml_media_has_media":["1"],"jupiterx_reading_time":["1 minute"],"_elementor_page_assets":["a:0:{}"],"event_feature_image":"https:\/\/dante-freiburg.de\/wp-content\/uploads\/IMG_5858-1-scaled.jpg"},"_links":{"self":[{"href":"https:\/\/dante-freiburg.de\/it\/wp-json\/wp\/v2\/mep_events\/38575","targetHints":{"allow":["GET"]}}],"collection":[{"href":"https:\/\/dante-freiburg.de\/it\/wp-json\/wp\/v2\/mep_events"}],"about":[{"href":"https:\/\/dante-freiburg.de\/it\/wp-json\/wp\/v2\/types\/mep_events"}],"author":[{"embeddable":true,"href":"https:\/\/dante-freiburg.de\/it\/wp-json\/wp\/v2\/users\/1"}],"version-history":[{"count":3,"href":"https:\/\/dante-freiburg.de\/it\/wp-json\/wp\/v2\/mep_events\/38575\/revisions"}],"predecessor-version":[{"id":38588,"href":"https:\/\/dante-freiburg.de\/it\/wp-json\/wp\/v2\/mep_events\/38575\/revisions\/38588"}],"wp:featuredmedia":[{"embeddable":true,"href":"https:\/\/dante-freiburg.de\/it\/wp-json\/wp\/v2\/media\/38577"}],"wp:attachment":[{"href":"https:\/\/dante-freiburg.de\/it\/wp-json\/wp\/v2\/media?parent=38575"}],"wp:term":[{"taxonomy":"product_cat","embeddable":true,"href":"https:\/\/dante-freiburg.de\/it\/wp-json\/wp\/v2\/product_cat?post=38575"},{"taxonomy":"mep_cat","embeddable":true,"href":"https:\/\/dante-freiburg.de\/it\/wp-json\/wp\/v2\/mep_cat?post=38575"},{"taxonomy":"mep_org","embeddable":true,"href":"https:\/\/dante-freiburg.de\/it\/wp-json\/wp\/v2\/mep_org?post=38575"},{"taxonomy":"mep_tag","embeddable":true,"href":"https:\/\/dante-freiburg.de\/it\/wp-json\/wp\/v2\/mep_tag?post=38575"}],"curies":[{"name":"wp","href":"https:\/\/api.w.org\/{rel}","templated":true}]}}