{"id":4273,"date":"2022-02-28T07:53:26","date_gmt":"2022-02-28T06:53:26","guid":{"rendered":"https:\/\/dante-freiburg.de\/d-archivio-eventi\/"},"modified":"2025-03-31T19:59:59","modified_gmt":"2025-03-31T17:59:59","slug":"d-archivio-eventi","status":"publish","type":"page","link":"https:\/\/dante-freiburg.de\/it\/d-archivio-eventi\/","title":{"rendered":"D-Archivio eventi"},"content":{"rendered":"\t\t<div data-elementor-type=\"wp-page\" data-elementor-id=\"4273\" class=\"elementor elementor-4273 elementor-4215\" data-elementor-settings=\"{&quot;ha_cmc_init_switcher&quot;:&quot;no&quot;}\" data-elementor-post-type=\"page\">\n\t\t\t\t\t\t<section class=\"elementor-section elementor-top-section elementor-element elementor-element-5061d08 elementor-section-full_width elementor-section-height-default elementor-section-height-default\" data-id=\"5061d08\" data-element_type=\"section\" data-e-type=\"section\" data-settings=\"{&quot;jet_parallax_layout_list&quot;:[{&quot;jet_parallax_layout_image&quot;:{&quot;url&quot;:&quot;&quot;,&quot;id&quot;:&quot;&quot;,&quot;size&quot;:&quot;&quot;},&quot;_id&quot;:&quot;0967d33&quot;,&quot;jet_parallax_layout_image_tablet_extra&quot;:{&quot;url&quot;:&quot;&quot;,&quot;id&quot;:&quot;&quot;,&quot;size&quot;:&quot;&quot;},&quot;jet_parallax_layout_image_tablet&quot;:{&quot;url&quot;:&quot;&quot;,&quot;id&quot;:&quot;&quot;,&quot;size&quot;:&quot;&quot;},&quot;jet_parallax_layout_image_mobile_extra&quot;:{&quot;url&quot;:&quot;&quot;,&quot;id&quot;:&quot;&quot;,&quot;size&quot;:&quot;&quot;},&quot;jet_parallax_layout_image_mobile&quot;:{&quot;url&quot;:&quot;&quot;,&quot;id&quot;:&quot;&quot;,&quot;size&quot;:&quot;&quot;},&quot;jet_parallax_layout_speed&quot;:{&quot;unit&quot;:&quot;%&quot;,&quot;size&quot;:50,&quot;sizes&quot;:[]},&quot;jet_parallax_layout_type&quot;:&quot;scroll&quot;,&quot;jet_parallax_layout_direction&quot;:&quot;1&quot;,&quot;jet_parallax_layout_fx_direction&quot;:null,&quot;jet_parallax_layout_z_index&quot;:&quot;&quot;,&quot;jet_parallax_layout_bg_x&quot;:50,&quot;jet_parallax_layout_bg_x_tablet_extra&quot;:&quot;&quot;,&quot;jet_parallax_layout_bg_x_tablet&quot;:&quot;&quot;,&quot;jet_parallax_layout_bg_x_mobile_extra&quot;:&quot;&quot;,&quot;jet_parallax_layout_bg_x_mobile&quot;:&quot;&quot;,&quot;jet_parallax_layout_bg_y&quot;:50,&quot;jet_parallax_layout_bg_y_tablet_extra&quot;:&quot;&quot;,&quot;jet_parallax_layout_bg_y_tablet&quot;:&quot;&quot;,&quot;jet_parallax_layout_bg_y_mobile_extra&quot;:&quot;&quot;,&quot;jet_parallax_layout_bg_y_mobile&quot;:&quot;&quot;,&quot;jet_parallax_layout_bg_size&quot;:&quot;auto&quot;,&quot;jet_parallax_layout_bg_size_tablet_extra&quot;:&quot;&quot;,&quot;jet_parallax_layout_bg_size_tablet&quot;:&quot;&quot;,&quot;jet_parallax_layout_bg_size_mobile_extra&quot;:&quot;&quot;,&quot;jet_parallax_layout_bg_size_mobile&quot;:&quot;&quot;,&quot;jet_parallax_layout_animation_prop&quot;:&quot;transform&quot;,&quot;jet_parallax_layout_on&quot;:[&quot;desktop&quot;,&quot;tablet&quot;]}],&quot;background_background&quot;:&quot;classic&quot;,&quot;_ha_eqh_enable&quot;:false}\">\n\t\t\t\t\t\t<div class=\"elementor-container elementor-column-gap-no\">\n\t\t\t\t\t<div class=\"elementor-column elementor-col-100 elementor-top-column elementor-element elementor-element-6da11a5\" data-id=\"6da11a5\" data-element_type=\"column\" data-e-type=\"column\">\n\t\t\t<div class=\"elementor-widget-wrap elementor-element-populated\">\n\t\t\t\t\t\t<div class=\"elementor-element elementor-element-c72597f ha-has-bg-overlay elementor-widget elementor-widget-text-editor\" data-id=\"c72597f\" data-element_type=\"widget\" data-e-type=\"widget\" data-widget_type=\"text-editor.default\">\n\t\t\t\t\t\t\t\t\t<p>Archivio eventi<\/p>\t\t\t\t\t\t\t\t<\/div>\n\t\t\t\t\t<\/div>\n\t\t<\/div>\n\t\t\t\t\t<\/div>\n\t\t<\/section>\n\t\t\t\t<section class=\"elementor-section elementor-top-section elementor-element elementor-element-55923b5 elementor-section-full_width elementor-section-height-default elementor-section-height-default\" data-id=\"55923b5\" data-element_type=\"section\" data-e-type=\"section\" data-settings=\"{&quot;jet_parallax_layout_list&quot;:[{&quot;jet_parallax_layout_image&quot;:{&quot;url&quot;:&quot;&quot;,&quot;id&quot;:&quot;&quot;,&quot;size&quot;:&quot;&quot;},&quot;_id&quot;:&quot;0967d33&quot;,&quot;jet_parallax_layout_image_tablet_extra&quot;:{&quot;url&quot;:&quot;&quot;,&quot;id&quot;:&quot;&quot;,&quot;size&quot;:&quot;&quot;},&quot;jet_parallax_layout_image_tablet&quot;:{&quot;url&quot;:&quot;&quot;,&quot;id&quot;:&quot;&quot;,&quot;size&quot;:&quot;&quot;},&quot;jet_parallax_layout_image_mobile_extra&quot;:{&quot;url&quot;:&quot;&quot;,&quot;id&quot;:&quot;&quot;,&quot;size&quot;:&quot;&quot;},&quot;jet_parallax_layout_image_mobile&quot;:{&quot;url&quot;:&quot;&quot;,&quot;id&quot;:&quot;&quot;,&quot;size&quot;:&quot;&quot;},&quot;jet_parallax_layout_speed&quot;:{&quot;unit&quot;:&quot;%&quot;,&quot;size&quot;:50,&quot;sizes&quot;:[]},&quot;jet_parallax_layout_type&quot;:&quot;scroll&quot;,&quot;jet_parallax_layout_direction&quot;:&quot;1&quot;,&quot;jet_parallax_layout_fx_direction&quot;:null,&quot;jet_parallax_layout_z_index&quot;:&quot;&quot;,&quot;jet_parallax_layout_bg_x&quot;:50,&quot;jet_parallax_layout_bg_x_tablet_extra&quot;:&quot;&quot;,&quot;jet_parallax_layout_bg_x_tablet&quot;:&quot;&quot;,&quot;jet_parallax_layout_bg_x_mobile_extra&quot;:&quot;&quot;,&quot;jet_parallax_layout_bg_x_mobile&quot;:&quot;&quot;,&quot;jet_parallax_layout_bg_y&quot;:50,&quot;jet_parallax_layout_bg_y_tablet_extra&quot;:&quot;&quot;,&quot;jet_parallax_layout_bg_y_tablet&quot;:&quot;&quot;,&quot;jet_parallax_layout_bg_y_mobile_extra&quot;:&quot;&quot;,&quot;jet_parallax_layout_bg_y_mobile&quot;:&quot;&quot;,&quot;jet_parallax_layout_bg_size&quot;:&quot;auto&quot;,&quot;jet_parallax_layout_bg_size_tablet_extra&quot;:&quot;&quot;,&quot;jet_parallax_layout_bg_size_tablet&quot;:&quot;&quot;,&quot;jet_parallax_layout_bg_size_mobile_extra&quot;:&quot;&quot;,&quot;jet_parallax_layout_bg_size_mobile&quot;:&quot;&quot;,&quot;jet_parallax_layout_animation_prop&quot;:&quot;transform&quot;,&quot;jet_parallax_layout_on&quot;:[&quot;desktop&quot;,&quot;tablet&quot;]}],&quot;_ha_eqh_enable&quot;:false}\">\n\t\t\t\t\t\t<div class=\"elementor-container elementor-column-gap-no\">\n\t\t\t\t\t<div class=\"elementor-column elementor-col-100 elementor-top-column elementor-element elementor-element-9d831c2\" data-id=\"9d831c2\" data-element_type=\"column\" data-e-type=\"column\">\n\t\t\t<div class=\"elementor-widget-wrap elementor-element-populated\">\n\t\t\t\t\t\t<div class=\"elementor-element elementor-element-7c57e24 elementor-widget elementor-widget-mep-event-list-widget\" data-id=\"7c57e24\" data-element_type=\"widget\" data-e-type=\"widget\" data-widget_type=\"mep-event-list-widget.default\">\n\t\t\t\t<div class=\"elementor-widget-container\">\n\t\t\t\t\t<div class=\"mep-elementor-event-list-widget\">\r\n\t\t                <div class='mage list_with_filter_section mep_event_list' id='mage-container'>\n\t\t\t\t\t                    <div class=\"mep-events-cats-list\">\r\n                        <div class=\"mep-event-cat-controls\">\r\n                            <button type=\"button\" class=\"mep-cat-control\" data-mixitup-control data-filter=\"all\">Tutti<\/button>\r\n\t\t\t\t\t\t\t                                <button type=\"button\" class=\"mep-cat-control\" data-mixitup-control data-filter=\".abr69f5b6d79546fmage-75\">Arte culinaria<\/button>\r\n\t\t\t\t\t\t\t                                <button type=\"button\" class=\"mep-cat-control\" data-mixitup-control data-filter=\".abr69f5b6d79546fmage-310\">Caff\u00e8 letterario<\/button>\r\n\t\t\t\t\t\t\t                                <button type=\"button\" class=\"mep-cat-control\" data-mixitup-control data-filter=\".abr69f5b6d79546fmage-83\">Concorso<\/button>\r\n\t\t\t\t\t\t\t                                <button type=\"button\" class=\"mep-cat-control\" data-mixitup-control data-filter=\".abr69f5b6d79546fmage-150\">Conferenza<\/button>\r\n\t\t\t\t\t\t\t                                <button type=\"button\" class=\"mep-cat-control\" data-mixitup-control data-filter=\".abr69f5b6d79546fmage-59\">Corso di lingua<\/button>\r\n\t\t\t\t\t\t\t                                <button type=\"button\" class=\"mep-cat-control\" data-mixitup-control data-filter=\".abr69f5b6d79546fmage-108\">Escursione<\/button>\r\n\t\t\t\t\t\t\t                                <button type=\"button\" class=\"mep-cat-control\" data-mixitup-control data-filter=\".abr69f5b6d79546fmage-209\">Evento culturale<\/button>\r\n\t\t\t\t\t\t\t                                <button type=\"button\" class=\"mep-cat-control\" data-mixitup-control data-filter=\".abr69f5b6d79546fmage-123\">Evento partner<\/button>\r\n\t\t\t\t\t\t\t                                <button type=\"button\" class=\"mep-cat-control\" data-mixitup-control data-filter=\".abr69f5b6d79546fmage-302\">Evento ripetuto<\/button>\r\n\t\t\t\t\t\t\t                                <button type=\"button\" class=\"mep-cat-control\" data-mixitup-control data-filter=\".abr69f5b6d79546fmage-137\">Evento tematico<\/button>\r\n\t\t\t\t\t\t\t                                <button type=\"button\" class=\"mep-cat-control\" data-mixitup-control data-filter=\".abr69f5b6d79546fmage-132\">Festivit\u00e0<\/button>\r\n\t\t\t\t\t\t\t                                <button type=\"button\" class=\"mep-cat-control\" data-mixitup-control data-filter=\".abr69f5b6d79546fmage-159\">Film<\/button>\r\n\t\t\t\t\t\t\t                                <button type=\"button\" class=\"mep-cat-control\" data-mixitup-control data-filter=\".abr69f5b6d79546fmage-276\">Freiburg<\/button>\r\n\t\t\t\t\t\t\t                                <button type=\"button\" class=\"mep-cat-control\" data-mixitup-control data-filter=\".abr69f5b6d79546fmage-303\">Incontro a Milano<\/button>\r\n\t\t\t\t\t\t\t                                <button type=\"button\" class=\"mep-cat-control\" data-mixitup-control data-filter=\".abr69f5b6d79546fmage-294\">Istituto Goethe<\/button>\r\n\t\t\t\t\t\t\t                                <button type=\"button\" class=\"mep-cat-control\" data-mixitup-control data-filter=\".abr69f5b6d79546fmage-158\">Letteratura<\/button>\r\n\t\t\t\t\t\t\t                                <button type=\"button\" class=\"mep-cat-control\" data-mixitup-control data-filter=\".abr69f5b6d79546fmage-213\">Mostra<\/button>\r\n\t\t\t\t\t\t\t                                <button type=\"button\" class=\"mep-cat-control\" data-mixitup-control data-filter=\".abr69f5b6d79546fmage-147\">Musica<\/button>\r\n\t\t\t\t\t\t\t                                <button type=\"button\" class=\"mep-cat-control\" data-mixitup-control data-filter=\".abr69f5b6d79546fmage-282\">Offerte speciali<\/button>\r\n\t\t\t\t\t\t\t                                <button type=\"button\" class=\"mep-cat-control\" data-mixitup-control data-filter=\".abr69f5b6d79546fmage-84\">Seminario<\/button>\r\n\t\t\t\t\t\t\t                                <button type=\"button\" class=\"mep-cat-control\" data-mixitup-control data-filter=\".abr69f5b6d79546fmage-171\">Vivace<\/button>\r\n\t\t\t\t\t\t\t                                <button type=\"button\" class=\"mep-cat-control\" data-mixitup-control data-filter=\".abr69f5b6d79546fmage-277\">Waldshut<\/button>\r\n\t\t\t\t\t\t\t                        <\/div>\r\n                    <\/div>\r\n\t\t\t\t\t                            <div class=\"all_filter_item mep_event_list_sec\" id='mep_event_list_abr69f5b6d79546f'\n                                 data-unq-id=\"abr69f5b6d79546f\"\n                                 data-style=\"minimal\"\n                                 data-column=\"1\"\n                                 data-cat=\"\"\n                                 data-org=\"\"\n                                 data-tag=\"0\"\n                                 data-city=\"\"\n                                 data-country=\"\"\n                                 data-status=\"expired\"\n                                 data-year=\"\"\n                                 data-sort=\"DESC\"\n                                 data-show=\"-1\"\n                                 data-pagination=\"yes\"\n                                 data-pagination-style=\"load_more\"\n                            >\n                                <div class=\"mage_grid_box \" id=\"\">\n\t\t\t\t\t\t\t\t\t\t\t\t\t\t\t\t\t\t\t\t\t    <div class='filter_item mep-event-list-loop  mep_event_list_item mep_event_minimal_list mix abr69f5b6d79546fmage-49 abr69f5b6d79546fmage-141 abr69f5b6d79546fmage-209 abr69f5b6d79546fmage-158'\r\n         data-title=\"Dott. Gino Pacifico &#8220;Layla e Alioma in Europa&#8221;\"\r\n         data-city-name=\"Freiburg im Breisgau\"\r\n         data-state=\"\"\r\n         data-date=\"2026-04-19\"\r\n         data-category=\"Evento culturale, Letteratura\"\r\n         data-organizer=\"Istituto Dante Alighieri Friburgo, Leeck\"\r\n    >\r\n\t\t\t                        <div class=\"mep-ev-start-date\">\r\n                        <div class=\"mep-day\">19<\/div>\r\n                        <div class=\"mep-month\">Apr<\/div>\r\n                    <\/div>\r\n\t\t\t\t        <div class=\"mep_list_event_details\">\r\n            <a href=\"https:\/\/dante-freiburg.de\/it\/events\/gino-pacifico-layla-e-alioma-in-europa\/\">\r\n                <h5 class='mep_list_title'>Dott. Gino Pacifico &#8220;Layla e Alioma in Europa&#8221;<\/h5>\r\n\t\t\t\t                    <div class=\"list_content upcomming_location\">\r\n                        <span class=\"fas fa-map-marker-alt\"><\/span>\r\n\t\t\t\t\t\t Vivace                    <\/div>\r\n\t\t\t\t                    <div class=\"list_content upcomming_organizer\">\r\n                        <span class=\"far fa-list-alt\"><\/span>\r\n\t\t\t\t\t Istituto Dante Alighieri Friburgo                    <\/div>\r\n\t\t\t            <\/a>\r\n\t\t\t\t\t\t        <\/div>\r\n    <\/div>\r\n    <div class='filter_item mep-event-list-loop  mep_event_list_item mep_event_minimal_list mix abr69f5b6d79546fmage-49 abr69f5b6d79546fmage-141 abr69f5b6d79546fmage-209 abr69f5b6d79546fmage-158 abr69f5b6d79546fmage-147'\r\n         data-title=\"&#8220;L&#8217;Inferno di Dante&#8221; &#8211; opera musicale di Gesine Heinrich\"\r\n         data-city-name=\"Freiburg im Breisgau\"\r\n         data-state=\"\"\r\n         data-date=\"2026-03-25\"\r\n         data-category=\"Evento culturale, Letteratura, Musica\"\r\n         data-organizer=\"Istituto Dante Alighieri Friburgo, Leeck\"\r\n    >\r\n\t\t\t                        <div class=\"mep-ev-start-date\">\r\n                        <div class=\"mep-day\">25<\/div>\r\n                        <div class=\"mep-month\">Mar<\/div>\r\n                    <\/div>\r\n\t\t\t\t        <div class=\"mep_list_event_details\">\r\n            <a href=\"https:\/\/dante-freiburg.de\/it\/events\/linferno-di-dante-opera-musicale-di-gesine-heinrich\/\">\r\n                <h5 class='mep_list_title'>&#8220;L&#8217;Inferno di Dante&#8221; &#8211; opera musicale di Gesine Heinrich<\/h5>\r\n\t\t\t\t                    <div class=\"list_content upcomming_location\">\r\n                        <span class=\"fas fa-map-marker-alt\"><\/span>\r\n\t\t\t\t\t\t GoetheInstitut                    <\/div>\r\n\t\t\t\t                    <div class=\"list_content upcomming_organizer\">\r\n                        <span class=\"far fa-list-alt\"><\/span>\r\n\t\t\t\t\t Istituto Dante Alighieri Friburgo                    <\/div>\r\n\t\t\t            <\/a>\r\n\t\t\t\t\t\t        <\/div>\r\n    <\/div>\r\n    <div class='filter_item mep-event-list-loop  mep_event_list_item mep_event_minimal_list mix abr69f5b6d79546fmage-49 abr69f5b6d79546fmage-141 abr69f5b6d79546fmage-209 abr69f5b6d79546fmage-159'\r\n         data-title=\"&#8220;Il Bacio di Tosca&#8221; &#8211; un film italiano di Daniel Schmid\"\r\n         data-city-name=\"Freiburg im Breisgau\"\r\n         data-state=\"\"\r\n         data-date=\"2026-03-15\"\r\n         data-category=\"Evento culturale, Film\"\r\n         data-organizer=\"Istituto Dante Alighieri Friburgo, Leeck\"\r\n    >\r\n\t\t\t                        <div class=\"mep-ev-start-date\">\r\n                        <div class=\"mep-day\">15<\/div>\r\n                        <div class=\"mep-month\">Mar<\/div>\r\n                    <\/div>\r\n\t\t\t\t        <div class=\"mep_list_event_details\">\r\n            <a href=\"https:\/\/dante-freiburg.de\/it\/events\/il-bacio-di-tosca-un-film-italiano-di-daniel-schmid\/\">\r\n                <h5 class='mep_list_title'>&#8220;Il Bacio di Tosca&#8221; &#8211; un film italiano di Daniel Schmid<\/h5>\r\n\t\t\t\t                    <div class=\"list_content upcomming_location\">\r\n                        <span class=\"fas fa-map-marker-alt\"><\/span>\r\n\t\t\t\t\t\t Kommunales Kino                    <\/div>\r\n\t\t\t\t                    <div class=\"list_content upcomming_organizer\">\r\n                        <span class=\"far fa-list-alt\"><\/span>\r\n\t\t\t\t\t Istituto Dante Alighieri Friburgo                    <\/div>\r\n\t\t\t            <\/a>\r\n\t\t\t\t\t\t        <\/div>\r\n    <\/div>\r\n    <div class='filter_item mep-event-list-loop  mep_event_list_item mep_event_minimal_list mix abr69f5b6d79546fmage-261 abr69f5b6d79546fmage-209 abr69f5b6d79546fmage-147'\r\n         data-title=\"Pippo Pollina e L&#8217;Acustico Quartett &#8220;La vita \u00e8 bella cos\u00ec com&#8217;\u00e8&#8221;\"\r\n         data-city-name=\"Freiburg\"\r\n         data-state=\"\"\r\n         data-date=\"2026-03-03\"\r\n         data-category=\"Evento culturale, Musica\"\r\n         data-organizer=\"Organizzazione partner\"\r\n    >\r\n\t\t\t                        <div class=\"mep-ev-start-date\">\r\n                        <div class=\"mep-day\">03<\/div>\r\n                        <div class=\"mep-month\">Mar<\/div>\r\n                    <\/div>\r\n\t\t\t\t        <div class=\"mep_list_event_details\">\r\n            <a href=\"https:\/\/dante-freiburg.de\/it\/events\/pippo-pollina-acustico-quartett-la-vita-e-bella-cosi-come\/\">\r\n                <h5 class='mep_list_title'>Pippo Pollina e L&#8217;Acustico Quartett &#8220;La vita \u00e8 bella cos\u00ec com&#8217;\u00e8&#8221;<\/h5>\r\n\t\t\t\t                    <div class=\"list_content upcomming_location\">\r\n                        <span class=\"fas fa-map-marker-alt\"><\/span>\r\n\t\t\t\t\t\t Paulussaal                    <\/div>\r\n\t\t\t\t                    <div class=\"list_content upcomming_organizer\">\r\n                        <span class=\"far fa-list-alt\"><\/span>\r\n\t\t\t\t\t Organizzazione partner                    <\/div>\r\n\t\t\t            <\/a>\r\n\t\t\t\t\t\t        <\/div>\r\n    <\/div>\r\n    <div class='filter_item mep-event-list-loop  mep_event_list_item mep_event_minimal_list mix abr69f5b6d79546fmage-142 abr69f5b6d79546fmage-209 abr69f5b6d79546fmage-147'\r\n         data-title=\"Concerto di Vivace &#8220;I nuovi maestri\"\r\n         data-city-name=\"Freiburg im Breisgau\"\r\n         data-state=\"\"\r\n         data-date=\"2026-02-28\"\r\n         data-category=\"Evento culturale, Musica\"\r\n         data-organizer=\"Vivace Freiburg e.V.\"\r\n    >\r\n\t\t\t                        <div class=\"mep-ev-start-date\">\r\n                        <div class=\"mep-day\">28<\/div>\r\n                        <div class=\"mep-month\">Feb<\/div>\r\n                    <\/div>\r\n\t\t\t\t        <div class=\"mep_list_event_details\">\r\n            <a href=\"https:\/\/dante-freiburg.de\/it\/events\/concerto-di-vivace-i-nuovi-maestri\/\">\r\n                <h5 class='mep_list_title'>Concerto di Vivace &#8220;I nuovi maestri<\/h5>\r\n\t\t\t\t                    <div class=\"list_content upcomming_location\">\r\n                        <span class=\"fas fa-map-marker-alt\"><\/span>\r\n\t\t\t\t\t\t Humboldtsaal                    <\/div>\r\n\t\t\t\t                    <div class=\"list_content upcomming_organizer\">\r\n                        <span class=\"far fa-list-alt\"><\/span>\r\n\t\t\t\t\t Vivace Freiburg e.V.                    <\/div>\r\n\t\t\t            <\/a>\r\n\t\t\t\t\t\t        <\/div>\r\n    <\/div>\r\n    <div class='filter_item mep-event-list-loop  mep_event_list_item mep_event_minimal_list mix abr69f5b6d79546fmage-49 abr69f5b6d79546fmage-141 abr69f5b6d79546fmage-150 abr69f5b6d79546fmage-209 abr69f5b6d79546fmage-158'\r\n         data-title=\"Il dottor Alessandro Bellardita legge e discute il suo libro &#8220;The Sicilian File&#8221;.\"\r\n         data-city-name=\"WaldshutTiengen\"\r\n         data-state=\"\"\r\n         data-date=\"2026-02-27\"\r\n         data-category=\"Conferenza, Evento culturale, Letteratura\"\r\n         data-organizer=\"Istituto Dante Alighieri Friburgo, Leeck\"\r\n    >\r\n\t\t\t                        <div class=\"mep-ev-start-date\">\r\n                        <div class=\"mep-day\">27<\/div>\r\n                        <div class=\"mep-month\">Feb<\/div>\r\n                    <\/div>\r\n\t\t\t\t        <div class=\"mep_list_event_details\">\r\n            <a href=\"https:\/\/dante-freiburg.de\/it\/events\/alessandro-bellardita-legge-e-discute-il-suo-libro-die-sizilianische-akte\/\">\r\n                <h5 class='mep_list_title'>Il dottor Alessandro Bellardita legge e discute il suo libro &#8220;The Sicilian File&#8221;.<\/h5>\r\n\t\t\t\t                    <div class=\"list_content upcomming_location\">\r\n                        <span class=\"fas fa-map-marker-alt\"><\/span>\r\n\t\t\t\t\t\t Stadtbibliothek Waldshut                    <\/div>\r\n\t\t\t\t                    <div class=\"list_content upcomming_organizer\">\r\n                        <span class=\"far fa-list-alt\"><\/span>\r\n\t\t\t\t\t Istituto Dante Alighieri Friburgo                    <\/div>\r\n\t\t\t            <\/a>\r\n\t\t\t\t\t\t        <\/div>\r\n    <\/div>\r\n    <div class='filter_item mep-event-list-loop  mep_event_list_item mep_event_minimal_list mix abr69f5b6d79546fmage-261 abr69f5b6d79546fmage-209 abr69f5b6d79546fmage-147'\r\n         data-title=\"Giovanni Allevi &#8220;Best of Piano 2026\"\r\n         data-city-name=\"Freiburg\"\r\n         data-state=\"\"\r\n         data-date=\"2026-02-19\"\r\n         data-category=\"Evento culturale, Musica\"\r\n         data-organizer=\"Organizzazione partner\"\r\n    >\r\n\t\t\t                        <div class=\"mep-ev-start-date\">\r\n                        <div class=\"mep-day\">19<\/div>\r\n                        <div class=\"mep-month\">Feb<\/div>\r\n                    <\/div>\r\n\t\t\t\t        <div class=\"mep_list_event_details\">\r\n            <a href=\"https:\/\/dante-freiburg.de\/it\/events\/giovanni-allevi-il-meglio-del-pianoforte-2026\/\">\r\n                <h5 class='mep_list_title'>Giovanni Allevi &#8220;Best of Piano 2026<\/h5>\r\n\t\t\t\t                    <div class=\"list_content upcomming_location\">\r\n                        <span class=\"fas fa-map-marker-alt\"><\/span>\r\n\t\t\t\t\t\t Historisches Kaufhaus                    <\/div>\r\n\t\t\t\t                    <div class=\"list_content upcomming_organizer\">\r\n                        <span class=\"far fa-list-alt\"><\/span>\r\n\t\t\t\t\t Organizzazione partner                    <\/div>\r\n\t\t\t            <\/a>\r\n\t\t\t\t\t\t        <\/div>\r\n    <\/div>\r\n    <div class='filter_item mep-event-list-loop  mep_event_list_item mep_event_minimal_list mix abr69f5b6d79546fmage-49 abr69f5b6d79546fmage-141 abr69f5b6d79546fmage-150 abr69f5b6d79546fmage-209'\r\n         data-title=\"ANNULLATO &#8211; Dr. Guido Giovannini: &#8220;Tiziano Vecellio\"\r\n         data-city-name=\"Freiburg im Breisgau\"\r\n         data-state=\"\"\r\n         data-date=\"2026-02-14\"\r\n         data-category=\"Conferenza, Evento culturale\"\r\n         data-organizer=\"Istituto Dante Alighieri Friburgo, Leeck\"\r\n    >\r\n\t\t\t                        <div class=\"mep-ev-start-date\">\r\n                        <div class=\"mep-day\">14<\/div>\r\n                        <div class=\"mep-month\">Feb<\/div>\r\n                    <\/div>\r\n\t\t\t\t        <div class=\"mep_list_event_details\">\r\n            <a href=\"https:\/\/dante-freiburg.de\/it\/events\/dott-guido-giovannini-tiziano-vecellio\/\">\r\n                <h5 class='mep_list_title'>ANNULLATO &#8211; Dr. Guido Giovannini: &#8220;Tiziano Vecellio<\/h5>\r\n\t\t\t\t                    <div class=\"list_content upcomming_location\">\r\n                        <span class=\"fas fa-map-marker-alt\"><\/span>\r\n\t\t\t\t\t\t Universit\u00e0 KG1 HS 1015                    <\/div>\r\n\t\t\t\t                    <div class=\"list_content upcomming_organizer\">\r\n                        <span class=\"far fa-list-alt\"><\/span>\r\n\t\t\t\t\t Istituto Dante Alighieri Friburgo                    <\/div>\r\n\t\t\t            <\/a>\r\n\t\t\t\t\t\t        <\/div>\r\n    <\/div>\r\n    <div class='filter_item mep-event-list-loop  mep_event_list_item mep_event_minimal_list mix abr69f5b6d79546fmage-49 abr69f5b6d79546fmage-141 abr69f5b6d79546fmage-150 abr69f5b6d79546fmage-209'\r\n         data-title=\"CANCELLATO: Henning Hufnagel &#8220;Dante in conflitto: la disputa con Cecco Angiolieri&#8221;\"\r\n         data-city-name=\"Freiburg im Breisgau\"\r\n         data-state=\"\"\r\n         data-date=\"2026-01-29\"\r\n         data-category=\"Conferenza, Evento culturale\"\r\n         data-organizer=\"Istituto Dante Alighieri Friburgo, Leeck\"\r\n    >\r\n\t\t\t                        <div class=\"mep-ev-start-date\">\r\n                        <div class=\"mep-day\">29<\/div>\r\n                        <div class=\"mep-month\">Gen<\/div>\r\n                    <\/div>\r\n\t\t\t\t        <div class=\"mep_list_event_details\">\r\n            <a href=\"https:\/\/dante-freiburg.de\/it\/events\/henning-hufnagel-dante-in-conflitto-la-disputa-con-cecco-angiolieri\/\">\r\n                <h5 class='mep_list_title'>CANCELLATO: Henning Hufnagel &#8220;Dante in conflitto: la disputa con Cecco Angiolieri&#8221;<\/h5>\r\n\t\t\t\t                    <div class=\"list_content upcomming_location\">\r\n                        <span class=\"fas fa-map-marker-alt\"><\/span>\r\n\t\t\t\t\t\t Universit\u00e0 KG1 HS 1009                    <\/div>\r\n\t\t\t\t                    <div class=\"list_content upcomming_organizer\">\r\n                        <span class=\"far fa-list-alt\"><\/span>\r\n\t\t\t\t\t Istituto Dante Alighieri Friburgo                    <\/div>\r\n\t\t\t            <\/a>\r\n\t\t\t\t\t\t        <\/div>\r\n    <\/div>\r\n    <div class='filter_item mep-event-list-loop  mep_event_list_item mep_event_minimal_list mix abr69f5b6d79546fmage-49 abr69f5b6d79546fmage-141 abr69f5b6d79546fmage-209 abr69f5b6d79546fmage-159'\r\n         data-title=\"&#8220;Giovanni Allevi &#8211; Back To Life&#8221; &#8211; Un film italiano di Simone Valentini\"\r\n         data-city-name=\"Freiburg im Breisgau\"\r\n         data-state=\"\"\r\n         data-date=\"2026-01-22\"\r\n         data-category=\"Evento culturale, Film\"\r\n         data-organizer=\"Istituto Dante Alighieri Friburgo, Leeck\"\r\n    >\r\n\t\t\t                        <div class=\"mep-ev-start-date\">\r\n                        <div class=\"mep-day\">22<\/div>\r\n                        <div class=\"mep-month\">Gen<\/div>\r\n                    <\/div>\r\n\t\t\t\t        <div class=\"mep_list_event_details\">\r\n            <a href=\"https:\/\/dante-freiburg.de\/it\/events\/giovanni-allevi-ritorno-alla-vita-un-film-italiano-di-simone-valentini\/\">\r\n                <h5 class='mep_list_title'>&#8220;Giovanni Allevi &#8211; Back To Life&#8221; &#8211; Un film italiano di Simone Valentini<\/h5>\r\n\t\t\t\t                    <div class=\"list_content upcomming_location\">\r\n                        <span class=\"fas fa-map-marker-alt\"><\/span>\r\n\t\t\t\t\t\t Kommunales Kino im alten WiehreBahnhof                    <\/div>\r\n\t\t\t\t                    <div class=\"list_content upcomming_organizer\">\r\n                        <span class=\"far fa-list-alt\"><\/span>\r\n\t\t\t\t\t Istituto Dante Alighieri Friburgo                    <\/div>\r\n\t\t\t            <\/a>\r\n\t\t\t\t\t\t        <\/div>\r\n    <\/div>\r\n    <div class='filter_item mep-event-list-loop  mep_event_list_item mep_event_minimal_list mix abr69f5b6d79546fmage-49 abr69f5b6d79546fmage-141 abr69f5b6d79546fmage-209 abr69f5b6d79546fmage-159'\r\n         data-title=\"&#8220;La pazza gioia&#8221; &#8211; un film italiano di Paolo Virz\u00ec\"\r\n         data-city-name=\"Freiburg im Breisgau\"\r\n         data-state=\"\"\r\n         data-date=\"2026-01-18\"\r\n         data-category=\"Evento culturale, Film\"\r\n         data-organizer=\"Istituto Dante Alighieri Friburgo, Leeck\"\r\n    >\r\n\t\t\t                        <div class=\"mep-ev-start-date\">\r\n                        <div class=\"mep-day\">18<\/div>\r\n                        <div class=\"mep-month\">Gen<\/div>\r\n                    <\/div>\r\n\t\t\t\t        <div class=\"mep_list_event_details\">\r\n            <a href=\"https:\/\/dante-freiburg.de\/it\/events\/la-pazza-gioia-un-film-italiano-di-paolo-virzi\/\">\r\n                <h5 class='mep_list_title'>&#8220;La pazza gioia&#8221; &#8211; un film italiano di Paolo Virz\u00ec<\/h5>\r\n\t\t\t\t                    <div class=\"list_content upcomming_location\">\r\n                        <span class=\"fas fa-map-marker-alt\"><\/span>\r\n\t\t\t\t\t\t Kommunales Kino im alten WiehreBahnhof                    <\/div>\r\n\t\t\t\t                    <div class=\"list_content upcomming_organizer\">\r\n                        <span class=\"far fa-list-alt\"><\/span>\r\n\t\t\t\t\t Istituto Dante Alighieri Friburgo                    <\/div>\r\n\t\t\t            <\/a>\r\n\t\t\t\t\t\t        <\/div>\r\n    <\/div>\r\n    <div class='filter_item mep-event-list-loop  mep_event_list_item mep_event_minimal_list mix abr69f5b6d79546fmage-49 abr69f5b6d79546fmage-141 abr69f5b6d79546fmage-150 abr69f5b6d79546fmage-209'\r\n         data-title=\"ANNULLATO! &#8211; Volker Bauermeister: &#8220;Vedere Merano e Roma. Il pittore Friedrich Wasmann&#8221;\"\r\n         data-city-name=\"WaldshutTiengen\"\r\n         data-state=\"\"\r\n         data-date=\"2026-01-18\"\r\n         data-category=\"Conferenza, Evento culturale\"\r\n         data-organizer=\"Istituto Dante Alighieri Friburgo, Leeck\"\r\n    >\r\n\t\t\t                        <div class=\"mep-ev-start-date\">\r\n                        <div class=\"mep-day\">18<\/div>\r\n                        <div class=\"mep-month\">Gen<\/div>\r\n                    <\/div>\r\n\t\t\t\t        <div class=\"mep_list_event_details\">\r\n            <a href=\"https:\/\/dante-freiburg.de\/it\/events\/volker-bauermeister-vedere-merano-e-roma-il-pittore-friedrich-wasmann-in-waldshut\/\">\r\n                <h5 class='mep_list_title'>ANNULLATO! &#8211; Volker Bauermeister: &#8220;Vedere Merano e Roma. Il pittore Friedrich Wasmann&#8221;<\/h5>\r\n\t\t\t\t                    <div class=\"list_content upcomming_location\">\r\n                        <span class=\"fas fa-map-marker-alt\"><\/span>\r\n\t\t\t\t\t\t Stadtbibliothek Waldshut                    <\/div>\r\n\t\t\t\t                    <div class=\"list_content upcomming_organizer\">\r\n                        <span class=\"far fa-list-alt\"><\/span>\r\n\t\t\t\t\t Istituto Dante Alighieri Friburgo                    <\/div>\r\n\t\t\t            <\/a>\r\n\t\t\t\t\t\t        <\/div>\r\n    <\/div>\r\n    <div class='filter_item mep-event-list-loop  mep_event_list_item mep_event_minimal_list mix abr69f5b6d79546fmage-49 abr69f5b6d79546fmage-141 abr69f5b6d79546fmage-209 abr69f5b6d79546fmage-132 abr69f5b6d79546fmage-147'\r\n         data-title=\"Concerto di Natale italo-tedesco\"\r\n         data-city-name=\"Freiburg St Georgen\"\r\n         data-state=\"\"\r\n         data-date=\"2025-12-06\"\r\n         data-category=\"Evento culturale, Festivit\u00e0, Musica\"\r\n         data-organizer=\"Istituto Dante Alighieri Friburgo, Leeck\"\r\n    >\r\n\t\t\t                        <div class=\"mep-ev-start-date\">\r\n                        <div class=\"mep-day\">06<\/div>\r\n                        <div class=\"mep-month\">Dic<\/div>\r\n                    <\/div>\r\n\t\t\t\t        <div class=\"mep_list_event_details\">\r\n            <a href=\"https:\/\/dante-freiburg.de\/it\/events\/test-deutsch-italienisches-weihnachtskonzert\/\">\r\n                <h5 class='mep_list_title'>Concerto di Natale italo-tedesco<\/h5>\r\n\t\t\t\t                    <div class=\"list_content upcomming_location\">\r\n                        <span class=\"fas fa-map-marker-alt\"><\/span>\r\n\t\t\t\t\t\t Festhalle Sch\u00f6nbergschule                    <\/div>\r\n\t\t\t\t                    <div class=\"list_content upcomming_organizer\">\r\n                        <span class=\"far fa-list-alt\"><\/span>\r\n\t\t\t\t\t Istituto Dante Alighieri Friburgo                    <\/div>\r\n\t\t\t            <\/a>\r\n\t\t\t\t\t\t        <\/div>\r\n    <\/div>\r\n    <div class='filter_item mep-event-list-loop  mep_event_list_item mep_event_minimal_list mix abr69f5b6d79546fmage-295 abr69f5b6d79546fmage-261 abr69f5b6d79546fmage-123 abr69f5b6d79546fmage-294'\r\n         data-title=\"La dolce vita!?\"\r\n         data-city-name=\"Freiburg im Breisgau\"\r\n         data-state=\"\"\r\n         data-date=\"2025-10-24\"\r\n         data-category=\"Evento partner, Istituto Goethe\"\r\n         data-organizer=\"Istituto Goethe, Organizzazione partner\"\r\n    >\r\n\t\t\t                        <div class=\"mep-ev-start-date\">\r\n                        <div class=\"mep-day\">24<\/div>\r\n                        <div class=\"mep-month\">Ott<\/div>\r\n                    <\/div>\r\n\t\t\t\t        <div class=\"mep_list_event_details\">\r\n            <a href=\"https:\/\/dante-freiburg.de\/it\/events\/la-dolce-vita\/\">\r\n                <h5 class='mep_list_title'>La dolce vita!?<\/h5>\r\n\t\t\t\t                    <div class=\"list_content upcomming_location\">\r\n                        <span class=\"fas fa-map-marker-alt\"><\/span>\r\n\t\t\t\t\t\t GoetheInstitut                    <\/div>\r\n\t\t\t\t                    <div class=\"list_content upcomming_organizer\">\r\n                        <span class=\"far fa-list-alt\"><\/span>\r\n\t\t\t\t\t Istituto Goethe                    <\/div>\r\n\t\t\t            <\/a>\r\n\t\t\t\t\t\t        <\/div>\r\n    <\/div>\r\n    <div class='filter_item mep-event-list-loop  mep_event_list_item mep_event_minimal_list mix abr69f5b6d79546fmage-49 abr69f5b6d79546fmage-209 abr69f5b6d79546fmage-158 abr69f5b6d79546fmage-147'\r\n         data-title=\"&#8220;LA SIGNORA MERAVIGLIA&#8221; &#8211; Narrazione musicale di e con SABA ANGLANA\"\r\n         data-city-name=\"Freiburg im Breisgau\"\r\n         data-state=\"\"\r\n         data-date=\"2025-10-19\"\r\n         data-category=\"Evento culturale, Letteratura, Musica\"\r\n         data-organizer=\"Istituto Dante Alighieri Friburgo\"\r\n    >\r\n\t\t\t                        <div class=\"mep-ev-start-date\">\r\n                        <div class=\"mep-day\">19<\/div>\r\n                        <div class=\"mep-month\">Ott<\/div>\r\n                    <\/div>\r\n\t\t\t\t        <div class=\"mep_list_event_details\">\r\n            <a href=\"https:\/\/dante-freiburg.de\/it\/events\/la-signora-meraviglia-narrazione-musicale-di-e-con-saba-anglana\/\">\r\n                <h5 class='mep_list_title'>&#8220;LA SIGNORA MERAVIGLIA&#8221; &#8211; Narrazione musicale di e con SABA ANGLANA<\/h5>\r\n\t\t\t\t                    <div class=\"list_content upcomming_location\">\r\n                        <span class=\"fas fa-map-marker-alt\"><\/span>\r\n\t\t\t\t\t\t Gasthaus Waldsee                    <\/div>\r\n\t\t\t\t                    <div class=\"list_content upcomming_organizer\">\r\n                        <span class=\"far fa-list-alt\"><\/span>\r\n\t\t\t\t\t Istituto Dante Alighieri Friburgo                    <\/div>\r\n\t\t\t            <\/a>\r\n\t\t\t\t\t\t        <\/div>\r\n    <\/div>\r\n    <div class='filter_item mep-event-list-loop  mep_event_list_item mep_event_minimal_list mix abr69f5b6d79546fmage-261 abr69f5b6d79546fmage-123'\r\n         data-title=\"Festa di musica &#8211; La musica unisce &#8211; Concerto di beneficenza\"\r\n         data-city-name=\"Freiburg im Breisgau\"\r\n         data-state=\"\"\r\n         data-date=\"2025-10-03\"\r\n         data-category=\"Evento partner\"\r\n         data-organizer=\"Organizzazione partner\"\r\n    >\r\n\t\t\t                        <div class=\"mep-ev-start-date\">\r\n                        <div class=\"mep-day\">03<\/div>\r\n                        <div class=\"mep-month\">Ott<\/div>\r\n                    <\/div>\r\n\t\t\t\t        <div class=\"mep_list_event_details\">\r\n            <a href=\"https:\/\/dante-freiburg.de\/it\/events\/festa-di-musica-la-musica-unisce-concerto-di-beneficenza\/\">\r\n                <h5 class='mep_list_title'>Festa di musica &#8211; La musica unisce &#8211; Concerto di beneficenza<\/h5>\r\n\t\t\t\t                    <div class=\"list_content upcomming_location\">\r\n                        <span class=\"fas fa-map-marker-alt\"><\/span>\r\n\t\t\t\t\t\t Theater Freiburg Gro\u00dfes Haus                    <\/div>\r\n\t\t\t\t                    <div class=\"list_content upcomming_organizer\">\r\n                        <span class=\"far fa-list-alt\"><\/span>\r\n\t\t\t\t\t Organizzazione partner                    <\/div>\r\n\t\t\t            <\/a>\r\n\t\t\t\t\t\t        <\/div>\r\n    <\/div>\r\n    <div class='filter_item mep-event-list-loop  mep_event_list_item mep_event_minimal_list mix abr69f5b6d79546fmage-49 abr69f5b6d79546fmage-141 abr69f5b6d79546fmage-150 abr69f5b6d79546fmage-209'\r\n         data-title=\"Dott. Guido Giovannini: &#8220;Modigliani\"\r\n         data-city-name=\"Freiburg im Breisgau\"\r\n         data-state=\"\"\r\n         data-date=\"2025-09-27\"\r\n         data-category=\"Conferenza, Evento culturale\"\r\n         data-organizer=\"Istituto Dante Alighieri Friburgo, Leeck\"\r\n    >\r\n\t\t\t                        <div class=\"mep-ev-start-date\">\r\n                        <div class=\"mep-day\">27<\/div>\r\n                        <div class=\"mep-month\">Set<\/div>\r\n                    <\/div>\r\n\t\t\t\t        <div class=\"mep_list_event_details\">\r\n            <a href=\"https:\/\/dante-freiburg.de\/it\/events\/dr-guido-giovannini-modigliani\/\">\r\n                <h5 class='mep_list_title'>Dott. Guido Giovannini: &#8220;Modigliani<\/h5>\r\n\t\t\t\t                    <div class=\"list_content upcomming_location\">\r\n                        <span class=\"fas fa-map-marker-alt\"><\/span>\r\n\t\t\t\t\t\t Universit\u00e0 KG1 HS 1015                    <\/div>\r\n\t\t\t\t                    <div class=\"list_content upcomming_organizer\">\r\n                        <span class=\"far fa-list-alt\"><\/span>\r\n\t\t\t\t\t Istituto Dante Alighieri Friburgo                    <\/div>\r\n\t\t\t            <\/a>\r\n\t\t\t\t\t\t        <\/div>\r\n    <\/div>\r\n    <div class='filter_item mep-event-list-loop  mep_event_list_item mep_event_minimal_list mix abr69f5b6d79546fmage-49 abr69f5b6d79546fmage-203 abr69f5b6d79546fmage-209 abr69f5b6d79546fmage-159'\r\n         data-title=\"&#8220;Pane e tulipani&#8221; &#8211; Un film italiano di Silvio Soldini\"\r\n         data-city-name=\"Freiburg im Breisgau\"\r\n         data-state=\"\"\r\n         data-date=\"2025-09-21\"\r\n         data-category=\"Evento culturale, Film\"\r\n         data-organizer=\"Istituto Dante Alighieri Friburgo, Kommunales Kino\"\r\n    >\r\n\t\t\t                        <div class=\"mep-ev-start-date\">\r\n                        <div class=\"mep-day\">21<\/div>\r\n                        <div class=\"mep-month\">Set<\/div>\r\n                    <\/div>\r\n\t\t\t\t        <div class=\"mep_list_event_details\">\r\n            <a href=\"https:\/\/dante-freiburg.de\/it\/events\/pane-e-tulipani-un-film-italiano-di-silvio-soldini\/\">\r\n                <h5 class='mep_list_title'>&#8220;Pane e tulipani&#8221; &#8211; Un film italiano di Silvio Soldini<\/h5>\r\n\t\t\t\t                    <div class=\"list_content upcomming_location\">\r\n                        <span class=\"fas fa-map-marker-alt\"><\/span>\r\n\t\t\t\t\t\t Kommunales Kino im Alten Wiehrebahnhof                    <\/div>\r\n\t\t\t\t                    <div class=\"list_content upcomming_organizer\">\r\n                        <span class=\"far fa-list-alt\"><\/span>\r\n\t\t\t\t\t Istituto Dante Alighieri Friburgo                    <\/div>\r\n\t\t\t            <\/a>\r\n\t\t\t\t\t\t        <\/div>\r\n    <\/div>\r\n    <div class='filter_item mep-event-list-loop  mep_event_list_item mep_event_minimal_list mix abr69f5b6d79546fmage-49 abr69f5b6d79546fmage-302 abr69f5b6d79546fmage-303'\r\n         data-title=\"Incontro di lingua tedesca per gli amici dell&#8217;Italia al Milano\"\r\n         data-city-name=\"Freiburg im Breisgau\"\r\n         data-state=\"\"\r\n         data-date=\"\"\r\n         data-category=\"Evento ripetuto, Incontro a Milano\"\r\n         data-organizer=\"Istituto Dante Alighieri Friburgo\"\r\n    >\r\n\t\t\t            <div class=\"mep_list_event_details\">\r\n            <a href=\"https:\/\/dante-freiburg.de\/it\/events\/incontro-di-lingua-tedesca-per-gli-amici-dellitalia-a-milano\/\">\r\n                <h5 class='mep_list_title'>Incontro di lingua tedesca per gli amici dell&#8217;Italia al Milano<\/h5>\r\n\t\t\t\t                    <div class=\"list_content upcomming_location\">\r\n                        <span class=\"fas fa-map-marker-alt\"><\/span>\r\n\t\t\t\t\t\t Ristorante Milano                    <\/div>\r\n\t\t\t\t                    <div class=\"list_content upcomming_organizer\">\r\n                        <span class=\"far fa-list-alt\"><\/span>\r\n\t\t\t\t\t Istituto Dante Alighieri Friburgo                    <\/div>\r\n\t\t\t            <\/a>\r\n\t\t\t\t\t\t        <\/div>\r\n    <\/div>\r\n    <div class='filter_item mep-event-list-loop  mep_event_list_item mep_event_minimal_list mix abr69f5b6d79546fmage-103 abr69f5b6d79546fmage-49 abr69f5b6d79546fmage-209'\r\n         data-title=\"Escursione aperta al Museo Alamannen di V\u00f6rstetten con visita al forno del villaggio di Ritter\"\r\n         data-city-name=\"V\u00f6rstetten\"\r\n         data-state=\"\"\r\n         data-date=\"2025-07-26\"\r\n         data-category=\"Evento culturale\"\r\n         data-organizer=\"Friedrich Leeck, Istituto Dante Alighieri Friburgo\"\r\n    >\r\n\t\t\t                        <div class=\"mep-ev-start-date\">\r\n                        <div class=\"mep-day\">26<\/div>\r\n                        <div class=\"mep-month\">Lug<\/div>\r\n                    <\/div>\r\n\t\t\t\t        <div class=\"mep_list_event_details\">\r\n            <a href=\"https:\/\/dante-freiburg.de\/it\/events\/offener-ausflug-zum-alamannen-museum-in-voerstetten-mit-besuch-in-der-dorfbaeckerei-ritter\/\">\r\n                <h5 class='mep_list_title'>Escursione aperta al Museo Alamannen di V\u00f6rstetten con visita al forno del villaggio di Ritter<\/h5>\r\n\t\t\t\t                    <div class=\"list_content upcomming_location\">\r\n                        <span class=\"fas fa-map-marker-alt\"><\/span>\r\n\t\t\t\t\t\t Alamannenmuseum                    <\/div>\r\n\t\t\t\t                    <div class=\"list_content upcomming_organizer\">\r\n                        <span class=\"far fa-list-alt\"><\/span>\r\n\t\t\t\t\t Friedrich Leeck                    <\/div>\r\n\t\t\t            <\/a>\r\n\t\t\t\t\t\t        <\/div>\r\n    <\/div>\r\n    <div class='filter_item mep-event-list-loop  mep_event_list_item mep_event_minimal_list mix abr69f5b6d79546fmage-49 abr69f5b6d79546fmage-141 abr69f5b6d79546fmage-150 abr69f5b6d79546fmage-209 abr69f5b6d79546fmage-158'\r\n         data-title=\"Conferenza \u201cCarlo Levi\u201d di Birgit Baumann con Isabella Cadario\"\r\n         data-city-name=\"Freiburg im Breisgau\"\r\n         data-state=\"\"\r\n         data-date=\"2025-07-13\"\r\n         data-category=\"Conferenza, Evento culturale, Letteratura\"\r\n         data-organizer=\"Istituto Dante Alighieri Friburgo, Leeck\"\r\n    >\r\n\t\t\t                        <div class=\"mep-ev-start-date\">\r\n                        <div class=\"mep-day\">13<\/div>\r\n                        <div class=\"mep-month\">Lug<\/div>\r\n                    <\/div>\r\n\t\t\t\t        <div class=\"mep_list_event_details\">\r\n            <a href=\"https:\/\/dante-freiburg.de\/it\/events\/gespraechsvortrag-carlo-levi-von-birgit-baumann-mit-isabella-cadario\/\">\r\n                <h5 class='mep_list_title'>Conferenza \u201cCarlo Levi\u201d di Birgit Baumann con Isabella Cadario<\/h5>\r\n\t\t\t\t                    <div class=\"list_content upcomming_location\">\r\n                        <span class=\"fas fa-map-marker-alt\"><\/span>\r\n\t\t\t\t\t\t Vivace                    <\/div>\r\n\t\t\t\t                    <div class=\"list_content upcomming_organizer\">\r\n                        <span class=\"far fa-list-alt\"><\/span>\r\n\t\t\t\t\t Istituto Dante Alighieri Friburgo                    <\/div>\r\n\t\t\t            <\/a>\r\n\t\t\t\t\t\t        <\/div>\r\n    <\/div>\r\n    <div class='filter_item mep-event-list-loop  mep_event_list_item mep_event_minimal_list mix abr69f5b6d79546fmage-49 abr69f5b6d79546fmage-141 abr69f5b6d79546fmage-150 abr69f5b6d79546fmage-209'\r\n         data-title=\"Alessandro Bellardita legge e discute il suo libro \u201cDie sizilianische Akte\u201d.\"\r\n         data-city-name=\"Freiburg\"\r\n         data-state=\"\"\r\n         data-date=\"2025-06-29\"\r\n         data-category=\"Conferenza, Evento culturale\"\r\n         data-organizer=\"Istituto Dante Alighieri Friburgo, Leeck\"\r\n    >\r\n\t\t\t                        <div class=\"mep-ev-start-date\">\r\n                        <div class=\"mep-day\">29<\/div>\r\n                        <div class=\"mep-month\">Giu<\/div>\r\n                    <\/div>\r\n\t\t\t\t        <div class=\"mep_list_event_details\">\r\n            <a href=\"https:\/\/dante-freiburg.de\/it\/events\/alessandro-bellardita-legge-e-discute-il-suo-libro-the-sicilian-file\/\">\r\n                <h5 class='mep_list_title'>Alessandro Bellardita legge e discute il suo libro \u201cDie sizilianische Akte\u201d.<\/h5>\r\n\t\t\t\t                    <div class=\"list_content upcomming_location\">\r\n                        <span class=\"fas fa-map-marker-alt\"><\/span>\r\n\t\t\t\t\t\t Vivace                    <\/div>\r\n\t\t\t\t                    <div class=\"list_content upcomming_organizer\">\r\n                        <span class=\"far fa-list-alt\"><\/span>\r\n\t\t\t\t\t Istituto Dante Alighieri Friburgo                    <\/div>\r\n\t\t\t            <\/a>\r\n\t\t\t\t\t\t        <\/div>\r\n    <\/div>\r\n    <div class='filter_item mep-event-list-loop  mep_event_list_item mep_event_minimal_list mix abr69f5b6d79546fmage-49 abr69f5b6d79546fmage-141 abr69f5b6d79546fmage-209 abr69f5b6d79546fmage-159'\r\n         data-title=\"PRIMADONNA &#8211; LA RAGAZZA DI DOMANI.  &#8211;   La Settimana del Cinema Italiano\"\r\n         data-city-name=\"Freiburg im Breisgau\"\r\n         data-state=\"\"\r\n         data-date=\"2025-06-25\"\r\n         data-category=\"Evento culturale, Film\"\r\n         data-organizer=\"Istituto Dante Alighieri Friburgo, Leeck\"\r\n    >\r\n\t\t\t                        <div class=\"mep-ev-start-date\">\r\n                        <div class=\"mep-day\">25<\/div>\r\n                        <div class=\"mep-month\">Giu<\/div>\r\n                    <\/div>\r\n\t\t\t\t        <div class=\"mep_list_event_details\">\r\n            <a href=\"https:\/\/dante-freiburg.de\/it\/events\/primadonna-la-ragazza-di-domani-la-settimana-del-cinema-italiano\/\">\r\n                <h5 class='mep_list_title'>PRIMADONNA &#8211; LA RAGAZZA DI DOMANI.  &#8211;   La Settimana del Cinema Italiano<\/h5>\r\n\t\t\t\t                    <div class=\"list_content upcomming_location\">\r\n                        <span class=\"fas fa-map-marker-alt\"><\/span>\r\n\t\t\t\t\t\t Kommunales Kino                    <\/div>\r\n\t\t\t\t                    <div class=\"list_content upcomming_organizer\">\r\n                        <span class=\"far fa-list-alt\"><\/span>\r\n\t\t\t\t\t Istituto Dante Alighieri Friburgo                    <\/div>\r\n\t\t\t            <\/a>\r\n\t\t\t\t\t\t        <\/div>\r\n    <\/div>\r\n    <div class='filter_item mep-event-list-loop  mep_event_list_item mep_event_minimal_list mix abr69f5b6d79546fmage-49 abr69f5b6d79546fmage-142 abr69f5b6d79546fmage-209 abr69f5b6d79546fmage-158'\r\n         data-title=\"Caff\u00e8 letterario: \u201cCastelli di rabbia\u201d di Alessandro Baricco\"\r\n         data-city-name=\"Freiburg\"\r\n         data-state=\"\"\r\n         data-date=\"2025-06-24\"\r\n         data-category=\"Evento culturale, Letteratura\"\r\n         data-organizer=\"Istituto Dante Alighieri Friburgo, Vivace Freiburg e.V.\"\r\n    >\r\n\t\t\t                        <div class=\"mep-ev-start-date\">\r\n                        <div class=\"mep-day\">24<\/div>\r\n                        <div class=\"mep-month\">Giu<\/div>\r\n                    <\/div>\r\n\t\t\t\t        <div class=\"mep_list_event_details\">\r\n            <a href=\"https:\/\/dante-freiburg.de\/it\/events\/caffe-letterario-castelli-di-rabbia-von-alessandro-baricco\/\">\r\n                <h5 class='mep_list_title'>Caff\u00e8 letterario: \u201cCastelli di rabbia\u201d di Alessandro Baricco<\/h5>\r\n\t\t\t\t                    <div class=\"list_content upcomming_location\">\r\n                        <span class=\"fas fa-map-marker-alt\"><\/span>\r\n\t\t\t\t\t\t Vivace                    <\/div>\r\n\t\t\t\t                    <div class=\"list_content upcomming_organizer\">\r\n                        <span class=\"far fa-list-alt\"><\/span>\r\n\t\t\t\t\t Istituto Dante Alighieri Friburgo                    <\/div>\r\n\t\t\t            <\/a>\r\n\t\t\t\t\t\t        <\/div>\r\n    <\/div>\r\n    <div class='filter_item mep-event-list-loop  mep_event_list_item mep_event_minimal_list mix abr69f5b6d79546fmage-49 abr69f5b6d79546fmage-141 abr69f5b6d79546fmage-209 abr69f5b6d79546fmage-159'\r\n         data-title=\"Variazioni di Casanova. Un film per il 300\u00b0 compleanno di Giacomo Casanova\"\r\n         data-city-name=\"Freiburg im Breisgau\"\r\n         data-state=\"\"\r\n         data-date=\"2025-06-23\"\r\n         data-category=\"Evento culturale, Film\"\r\n         data-organizer=\"Istituto Dante Alighieri Friburgo, Leeck\"\r\n    >\r\n\t\t\t                        <div class=\"mep-ev-start-date\">\r\n                        <div class=\"mep-day\">23<\/div>\r\n                        <div class=\"mep-month\">Giu<\/div>\r\n                    <\/div>\r\n\t\t\t\t        <div class=\"mep_list_event_details\">\r\n            <a href=\"https:\/\/dante-freiburg.de\/it\/events\/variazioni-di-casanova-un-film-per-il-300-compleanno-di-giacomo-casanova\/\">\r\n                <h5 class='mep_list_title'>Variazioni di Casanova. Un film per il 300\u00b0 compleanno di Giacomo Casanova<\/h5>\r\n\t\t\t\t                    <div class=\"list_content upcomming_location\">\r\n                        <span class=\"fas fa-map-marker-alt\"><\/span>\r\n\t\t\t\t\t\t Kommunales Kino KoKi                    <\/div>\r\n\t\t\t\t                    <div class=\"list_content upcomming_organizer\">\r\n                        <span class=\"far fa-list-alt\"><\/span>\r\n\t\t\t\t\t Istituto Dante Alighieri Friburgo                    <\/div>\r\n\t\t\t            <\/a>\r\n\t\t\t\t\t\t        <\/div>\r\n    <\/div>\r\n    <div class='filter_item mep-event-list-loop  mep_event_list_item mep_event_minimal_list mix abr69f5b6d79546fmage-49 abr69f5b6d79546fmage-141 abr69f5b6d79546fmage-150 abr69f5b6d79546fmage-209'\r\n         data-title=\"Volker Bauermeister: &#8220;Vedere Merano e Roma. Il pittore Friedrich Wasmann&#8221;\"\r\n         data-city-name=\"Freiburg\"\r\n         data-state=\"\"\r\n         data-date=\"2025-06-07\"\r\n         data-category=\"Conferenza, Evento culturale\"\r\n         data-organizer=\"Istituto Dante Alighieri Friburgo, Leeck\"\r\n    >\r\n\t\t\t                        <div class=\"mep-ev-start-date\">\r\n                        <div class=\"mep-day\">07<\/div>\r\n                        <div class=\"mep-month\">Giu<\/div>\r\n                    <\/div>\r\n\t\t\t\t        <div class=\"mep_list_event_details\">\r\n            <a href=\"https:\/\/dante-freiburg.de\/it\/events\/volker-bauermeister-vedere-merano-e-roma-il-pittore-friedrich-wasmann\/\">\r\n                <h5 class='mep_list_title'>Volker Bauermeister: &#8220;Vedere Merano e Roma. Il pittore Friedrich Wasmann&#8221;<\/h5>\r\n\t\t\t\t                    <div class=\"list_content upcomming_location\">\r\n                        <span class=\"fas fa-map-marker-alt\"><\/span>\r\n\t\t\t\t\t\t Vivace                    <\/div>\r\n\t\t\t\t                    <div class=\"list_content upcomming_organizer\">\r\n                        <span class=\"far fa-list-alt\"><\/span>\r\n\t\t\t\t\t Istituto Dante Alighieri Friburgo                    <\/div>\r\n\t\t\t            <\/a>\r\n\t\t\t\t\t\t        <\/div>\r\n    <\/div>\r\n    <div class='filter_item mep-event-list-loop  mep_event_list_item mep_event_minimal_list mix abr69f5b6d79546fmage-49 abr69f5b6d79546fmage-142 abr69f5b6d79546fmage-209 abr69f5b6d79546fmage-158'\r\n         data-title=\"Caff\u00e8 letterario: &#8220;Mio fratello rincorre i dinosauri&#8221; di Giacomo Mazzariol\"\r\n         data-city-name=\"Freiburg\"\r\n         data-state=\"\"\r\n         data-date=\"2025-05-27\"\r\n         data-category=\"Evento culturale, Letteratura\"\r\n         data-organizer=\"Istituto Dante Alighieri Friburgo, Vivace Freiburg e.V.\"\r\n    >\r\n\t\t\t                        <div class=\"mep-ev-start-date\">\r\n                        <div class=\"mep-day\">27<\/div>\r\n                        <div class=\"mep-month\">Mag<\/div>\r\n                    <\/div>\r\n\t\t\t\t        <div class=\"mep_list_event_details\">\r\n            <a href=\"https:\/\/dante-freiburg.de\/it\/events\/caffe-letterario-mio-fratello-rincorre-i-dinosauri-di-giacomo-mazzariol\/\">\r\n                <h5 class='mep_list_title'>Caff\u00e8 letterario: &#8220;Mio fratello rincorre i dinosauri&#8221; di Giacomo Mazzariol<\/h5>\r\n\t\t\t\t                    <div class=\"list_content upcomming_location\">\r\n                        <span class=\"fas fa-map-marker-alt\"><\/span>\r\n\t\t\t\t\t\t Vivace                    <\/div>\r\n\t\t\t\t                    <div class=\"list_content upcomming_organizer\">\r\n                        <span class=\"far fa-list-alt\"><\/span>\r\n\t\t\t\t\t Istituto Dante Alighieri Friburgo                    <\/div>\r\n\t\t\t            <\/a>\r\n\t\t\t\t\t\t        <\/div>\r\n    <\/div>\r\n    <div class='filter_item mep-event-list-loop  mep_event_list_item mep_event_minimal_list mix abr69f5b6d79546fmage-49 abr69f5b6d79546fmage-141 abr69f5b6d79546fmage-150 abr69f5b6d79546fmage-209'\r\n         data-title=\"Rita Imwinkelried &#8220;Casanova, un viaggiatore tra i mondi&#8221;\"\r\n         data-city-name=\"Freiburg im Breisgau\"\r\n         data-state=\"\"\r\n         data-date=\"2025-05-17\"\r\n         data-category=\"Conferenza, Evento culturale\"\r\n         data-organizer=\"Istituto Dante Alighieri Friburgo, Leeck\"\r\n    >\r\n\t\t\t                        <div class=\"mep-ev-start-date\">\r\n                        <div class=\"mep-day\">17<\/div>\r\n                        <div class=\"mep-month\">Mag<\/div>\r\n                    <\/div>\r\n\t\t\t\t        <div class=\"mep_list_event_details\">\r\n            <a href=\"https:\/\/dante-freiburg.de\/it\/events\/rita-imwinkelried-casanova-un-viaggiatore-tra-i-mondi\/\">\r\n                <h5 class='mep_list_title'>Rita Imwinkelried &#8220;Casanova, un viaggiatore tra i mondi&#8221;<\/h5>\r\n\t\t\t\t                    <div class=\"list_content upcomming_location\">\r\n                        <span class=\"fas fa-map-marker-alt\"><\/span>\r\n\t\t\t\t\t\t Universit\u00e0 di Freiburg, KG1 HS 1015                    <\/div>\r\n\t\t\t\t                    <div class=\"list_content upcomming_organizer\">\r\n                        <span class=\"far fa-list-alt\"><\/span>\r\n\t\t\t\t\t Istituto Dante Alighieri Friburgo                    <\/div>\r\n\t\t\t            <\/a>\r\n\t\t\t\t\t\t        <\/div>\r\n    <\/div>\r\n    <div class='filter_item mep-event-list-loop  mep_event_list_item mep_event_minimal_list mix abr69f5b6d79546fmage-49 abr69f5b6d79546fmage-83 abr69f5b6d79546fmage-209'\r\n         data-title=\"Vernissage e cerimonia di premiazione del concorso artistico 2025 &#8220;Pensare all&#8217;Europa&#8230;&#8221;\"\r\n         data-city-name=\"Freiburg im Breisgau\"\r\n         data-state=\"\"\r\n         data-date=\"2025-05-09\"\r\n         data-category=\"Concorso, Evento culturale\"\r\n         data-organizer=\"Istituto Dante Alighieri Friburgo\"\r\n    >\r\n\t\t\t                        <div class=\"mep-ev-start-date\">\r\n                        <div class=\"mep-day\">09<\/div>\r\n                        <div class=\"mep-month\">Mag<\/div>\r\n                    <\/div>\r\n\t\t\t\t        <div class=\"mep_list_event_details\">\r\n            <a href=\"https:\/\/dante-freiburg.de\/it\/events\/vernissage-e-cerimonia-di-premiazione-del-concorso-artistico-2025-pensare-alleuropa\/\">\r\n                <h5 class='mep_list_title'>Vernissage e cerimonia di premiazione del concorso artistico 2025 &#8220;Pensare all&#8217;Europa&#8230;&#8221;<\/h5>\r\n\t\t\t\t                    <div class=\"list_content upcomming_location\">\r\n                        <span class=\"fas fa-map-marker-alt\"><\/span>\r\n\t\t\t\t\t\t Stadtbibliothek                    <\/div>\r\n\t\t\t\t                    <div class=\"list_content upcomming_organizer\">\r\n                        <span class=\"far fa-list-alt\"><\/span>\r\n\t\t\t\t\t Istituto Dante Alighieri Friburgo                    <\/div>\r\n\t\t\t            <\/a>\r\n\t\t\t\t\t\t        <\/div>\r\n    <\/div>\r\n    <div class='filter_item mep-event-list-loop  mep_event_list_item mep_event_minimal_list mix abr69f5b6d79546fmage-261 abr69f5b6d79546fmage-142 abr69f5b6d79546fmage-123 abr69f5b6d79546fmage-171'\r\n         data-title=\"Concerto Vivace: Il suono del tempo\"\r\n         data-city-name=\"Freiburg\"\r\n         data-state=\"\"\r\n         data-date=\"2025-05-03\"\r\n         data-category=\"Evento partner, Vivace\"\r\n         data-organizer=\"Organizzazione partner, Vivace Freiburg e.V.\"\r\n    >\r\n\t\t\t                        <div class=\"mep-ev-start-date\">\r\n                        <div class=\"mep-day\">03<\/div>\r\n                        <div class=\"mep-month\">Mag<\/div>\r\n                    <\/div>\r\n\t\t\t\t        <div class=\"mep_list_event_details\">\r\n            <a href=\"https:\/\/dante-freiburg.de\/it\/events\/concerto-vivace-il-suono-del-tempo\/\">\r\n                <h5 class='mep_list_title'>Concerto Vivace: Il suono del tempo<\/h5>\r\n\t\t\t\t                    <div class=\"list_content upcomming_location\">\r\n                        <span class=\"fas fa-map-marker-alt\"><\/span>\r\n\t\t\t\t\t\t Humboldtsaal                    <\/div>\r\n\t\t\t\t                    <div class=\"list_content upcomming_organizer\">\r\n                        <span class=\"far fa-list-alt\"><\/span>\r\n\t\t\t\t\t Organizzazione partner                    <\/div>\r\n\t\t\t            <\/a>\r\n\t\t\t\t\t\t        <\/div>\r\n    <\/div>\r\n    <div class='filter_item mep-event-list-loop  mep_event_list_item mep_event_minimal_list mix abr69f5b6d79546fmage-49 abr69f5b6d79546fmage-142 abr69f5b6d79546fmage-209 abr69f5b6d79546fmage-158'\r\n         data-title=\"Caff\u00e8 letterario: &#8220;La forma dell&#8217;acqua&#8221; di Andrea Camilleri\"\r\n         data-city-name=\"Freiburg\"\r\n         data-state=\"\"\r\n         data-date=\"2025-04-29\"\r\n         data-category=\"Evento culturale, Letteratura\"\r\n         data-organizer=\"Istituto Dante Alighieri Friburgo, Vivace Freiburg e.V.\"\r\n    >\r\n\t\t\t                        <div class=\"mep-ev-start-date\">\r\n                        <div class=\"mep-day\">29<\/div>\r\n                        <div class=\"mep-month\">Apr<\/div>\r\n                    <\/div>\r\n\t\t\t\t        <div class=\"mep_list_event_details\">\r\n            <a href=\"https:\/\/dante-freiburg.de\/it\/events\/caffe-letterario-la-forma-dellacqua-di-andrea-camilleri\/\">\r\n                <h5 class='mep_list_title'>Caff\u00e8 letterario: &#8220;La forma dell&#8217;acqua&#8221; di Andrea Camilleri<\/h5>\r\n\t\t\t\t                    <div class=\"list_content upcomming_location\">\r\n                        <span class=\"fas fa-map-marker-alt\"><\/span>\r\n\t\t\t\t\t\t Vivace                    <\/div>\r\n\t\t\t\t                    <div class=\"list_content upcomming_organizer\">\r\n                        <span class=\"far fa-list-alt\"><\/span>\r\n\t\t\t\t\t Istituto Dante Alighieri Friburgo                    <\/div>\r\n\t\t\t            <\/a>\r\n\t\t\t\t\t\t        <\/div>\r\n    <\/div>\r\n    <div class='filter_item mep-event-list-loop  mep_event_list_item mep_event_minimal_list mix abr69f5b6d79546fmage-49 abr69f5b6d79546fmage-141 abr69f5b6d79546fmage-150 abr69f5b6d79546fmage-209'\r\n         data-title=\"Dott. Guido Giovannini: &#8220;Toscana, bellezza eterna&#8221;\"\r\n         data-city-name=\"Freiburg im Breisgau\"\r\n         data-state=\"\"\r\n         data-date=\"2025-04-12\"\r\n         data-category=\"Conferenza, Evento culturale\"\r\n         data-organizer=\"Istituto Dante Alighieri Friburgo, Leeck\"\r\n    >\r\n\t\t\t                        <div class=\"mep-ev-start-date\">\r\n                        <div class=\"mep-day\">12<\/div>\r\n                        <div class=\"mep-month\">Apr<\/div>\r\n                    <\/div>\r\n\t\t\t\t        <div class=\"mep_list_event_details\">\r\n            <a href=\"https:\/\/dante-freiburg.de\/it\/events\/dottor-giovannini-toscana-bellezza-eterna\/\">\r\n                <h5 class='mep_list_title'>Dott. Guido Giovannini: &#8220;Toscana, bellezza eterna&#8221;<\/h5>\r\n\t\t\t\t                    <div class=\"list_content upcomming_location\">\r\n                        <span class=\"fas fa-map-marker-alt\"><\/span>\r\n\t\t\t\t\t\t Universit\u00e4t, KG1, HS 1015                    <\/div>\r\n\t\t\t\t                    <div class=\"list_content upcomming_organizer\">\r\n                        <span class=\"far fa-list-alt\"><\/span>\r\n\t\t\t\t\t Istituto Dante Alighieri Friburgo                    <\/div>\r\n\t\t\t            <\/a>\r\n\t\t\t\t\t\t        <\/div>\r\n    <\/div>\r\n    <div class='filter_item mep-event-list-loop  mep_event_list_item mep_event_minimal_list mix abr69f5b6d79546fmage-49 abr69f5b6d79546fmage-141 abr69f5b6d79546fmage-209 abr69f5b6d79546fmage-158 abr69f5b6d79546fmage-213'\r\n         data-title=\"Alberto Martini e la Divina Commedia &#8211; lettura itinerante\"\r\n         data-city-name=\"Freiburg\"\r\n         data-state=\"\"\r\n         data-date=\"2025-04-09\"\r\n         data-category=\"Evento culturale, Letteratura, Mostra\"\r\n         data-organizer=\"Istituto Dante Alighieri Friburgo, Leeck\"\r\n    >\r\n\t\t\t                        <div class=\"mep-ev-start-date\">\r\n                        <div class=\"mep-day\">09<\/div>\r\n                        <div class=\"mep-month\">Apr<\/div>\r\n                    <\/div>\r\n\t\t\t\t        <div class=\"mep_list_event_details\">\r\n            <a href=\"https:\/\/dante-freiburg.de\/it\/events\/alberto-martini-e-la-divina-commedia\/\">\r\n                <h5 class='mep_list_title'>Alberto Martini e la Divina Commedia &#8211; lettura itinerante<\/h5>\r\n\t\t\t\t                    <div class=\"list_content upcomming_location\">\r\n                        <span class=\"fas fa-map-marker-alt\"><\/span>\r\n\t\t\t\t\t\t Biblioteca comunale                    <\/div>\r\n\t\t\t\t                    <div class=\"list_content upcomming_organizer\">\r\n                        <span class=\"far fa-list-alt\"><\/span>\r\n\t\t\t\t\t Istituto Dante Alighieri Friburgo                    <\/div>\r\n\t\t\t            <\/a>\r\n\t\t\t\t\t\t        <\/div>\r\n    <\/div>\r\n    <div class='filter_item mep-event-list-loop  mep_event_list_item mep_event_minimal_list mix abr69f5b6d79546fmage-49 abr69f5b6d79546fmage-141 abr69f5b6d79546fmage-209 abr69f5b6d79546fmage-159'\r\n         data-title=\"Dante. Un filmato di Pupi Avati in occasione della mostra di Alberto Martini\"\r\n         data-city-name=\"Freiburg im Breisgau\"\r\n         data-state=\"Baden-W\u00fcrttemberg\"\r\n         data-date=\"2025-04-06\"\r\n         data-category=\"Evento culturale, Film\"\r\n         data-organizer=\"Istituto Dante Alighieri Friburgo, Leeck\"\r\n    >\r\n\t\t\t                        <div class=\"mep-ev-start-date\">\r\n                        <div class=\"mep-day\">06<\/div>\r\n                        <div class=\"mep-month\">Apr<\/div>\r\n                    <\/div>\r\n\t\t\t\t        <div class=\"mep_list_event_details\">\r\n            <a href=\"https:\/\/dante-freiburg.de\/it\/events\/dante-un-film-di-pupi-avati\/\">\r\n                <h5 class='mep_list_title'>Dante. Un filmato di Pupi Avati in occasione della mostra di Alberto Martini<\/h5>\r\n\t\t\t\t                    <div class=\"list_content upcomming_location\">\r\n                        <span class=\"fas fa-map-marker-alt\"><\/span>\r\n\t\t\t\t\t\t Komunales Kino                    <\/div>\r\n\t\t\t\t                    <div class=\"list_content upcomming_organizer\">\r\n                        <span class=\"far fa-list-alt\"><\/span>\r\n\t\t\t\t\t Istituto Dante Alighieri Friburgo                    <\/div>\r\n\t\t\t            <\/a>\r\n\t\t\t\t\t\t        <\/div>\r\n    <\/div>\r\n    <div class='filter_item mep-event-list-loop  mep_event_list_item mep_event_minimal_list mix abr69f5b6d79546fmage-262 abr69f5b6d79546fmage-123'\r\n         data-title=\"Settimana del Libro Italiano &#8211; Programma online\"\r\n         data-city-name=\"\"\r\n         data-state=\"\"\r\n         data-date=\"2025-04-04\"\r\n         data-category=\"Evento partner\"\r\n         data-organizer=\"Istituto Dante Alighieri Innsbruck\"\r\n    >\r\n\t\t\t                        <div class=\"mep-ev-start-date\">\r\n                        <div class=\"mep-day\">04<\/div>\r\n                        <div class=\"mep-month\">Apr<\/div>\r\n                    <\/div>\r\n\t\t\t\t        <div class=\"mep_list_event_details\">\r\n            <a href=\"https:\/\/dante-freiburg.de\/it\/events\/settimana-del-libro-italiano-programma-online\/\">\r\n                <h5 class='mep_list_title'>Settimana del Libro Italiano &#8211; Programma online<\/h5>\r\n\t\t\t\t                    <div class=\"list_content upcomming_organizer\">\r\n                        <span class=\"far fa-list-alt\"><\/span>\r\n\t\t\t\t\t Istituto Dante Alighieri Innsbruck                    <\/div>\r\n\t\t\t            <\/a>\r\n\t\t\t\t\t\t        <\/div>\r\n    <\/div>\r\n    <div class='filter_item mep-event-list-loop  mep_event_list_item mep_event_minimal_list mix abr69f5b6d79546fmage-261 abr69f5b6d79546fmage-123'\r\n         data-title=\"Festa di primavera &#8211; ascoltare, ballare, bere e mangiare\"\r\n         data-city-name=\"Freiburg-St. Georgen\"\r\n         data-state=\"\"\r\n         data-date=\"2025-03-29\"\r\n         data-category=\"Evento partner\"\r\n         data-organizer=\"Organizzazione partner\"\r\n    >\r\n\t\t\t                        <div class=\"mep-ev-start-date\">\r\n                        <div class=\"mep-day\">29<\/div>\r\n                        <div class=\"mep-month\">Mar<\/div>\r\n                    <\/div>\r\n\t\t\t\t        <div class=\"mep_list_event_details\">\r\n            <a href=\"https:\/\/dante-freiburg.de\/it\/events\/festa-della-primavera-zuhoeren-tanzen-trinken-und-essen\/\">\r\n                <h5 class='mep_list_title'>Festa di primavera &#8211; ascoltare, ballare, bere e mangiare<\/h5>\r\n\t\t\t\t                    <div class=\"list_content upcomming_location\">\r\n                        <span class=\"fas fa-map-marker-alt\"><\/span>\r\n\t\t\t\t\t\t Festhalle Sch\u00f6nbergschule                    <\/div>\r\n\t\t\t\t                    <div class=\"list_content upcomming_organizer\">\r\n                        <span class=\"far fa-list-alt\"><\/span>\r\n\t\t\t\t\t Organizzazione partner                    <\/div>\r\n\t\t\t            <\/a>\r\n\t\t\t\t\t\t        <\/div>\r\n    <\/div>\r\n    <div class='filter_item mep-event-list-loop  mep_event_list_item mep_event_minimal_list mix abr69f5b6d79546fmage-261 abr69f5b6d79546fmage-142 abr69f5b6d79546fmage-123 abr69f5b6d79546fmage-171'\r\n         data-title=\"Film Vivacine: Un mondo a parte\"\r\n         data-city-name=\"L\u00f6rrach\"\r\n         data-state=\"\"\r\n         data-date=\"2025-03-29\"\r\n         data-category=\"Evento partner, Vivace\"\r\n         data-organizer=\"Organizzazione partner, Vivace Freiburg e.V.\"\r\n    >\r\n\t\t\t                        <div class=\"mep-ev-start-date\">\r\n                        <div class=\"mep-day\">29<\/div>\r\n                        <div class=\"mep-month\">Mar<\/div>\r\n                    <\/div>\r\n\t\t\t\t        <div class=\"mep_list_event_details\">\r\n            <a href=\"https:\/\/dante-freiburg.de\/it\/events\/film-vivacine-un-mondo-a-se-stante\/\">\r\n                <h5 class='mep_list_title'>Film Vivacine: Un mondo a parte<\/h5>\r\n\t\t\t\t                    <div class=\"list_content upcomming_location\">\r\n                        <span class=\"fas fa-map-marker-alt\"><\/span>\r\n\t\t\t\t\t\t Stadtbilbiothek                    <\/div>\r\n\t\t\t\t                    <div class=\"list_content upcomming_organizer\">\r\n                        <span class=\"far fa-list-alt\"><\/span>\r\n\t\t\t\t\t Organizzazione partner                    <\/div>\r\n\t\t\t            <\/a>\r\n\t\t\t\t\t\t        <\/div>\r\n    <\/div>\r\n    <div class='filter_item mep-event-list-loop  mep_event_list_item mep_event_minimal_list mix abr69f5b6d79546fmage-49 abr69f5b6d79546fmage-141 abr69f5b6d79546fmage-150 abr69f5b6d79546fmage-209'\r\n         data-title=\"DANTED\u00cc Dr. Klaus Engert: &#8220;Dante e le stelle del cielo&#8221;\"\r\n         data-city-name=\"Freiburg im Breisgau\"\r\n         data-state=\"\"\r\n         data-date=\"2025-03-25\"\r\n         data-category=\"Conferenza, Evento culturale\"\r\n         data-organizer=\"Istituto Dante Alighieri Friburgo, Leeck\"\r\n    >\r\n\t\t\t                        <div class=\"mep-ev-start-date\">\r\n                        <div class=\"mep-day\">25<\/div>\r\n                        <div class=\"mep-month\">Mar<\/div>\r\n                    <\/div>\r\n\t\t\t\t        <div class=\"mep_list_event_details\">\r\n            <a href=\"https:\/\/dante-freiburg.de\/it\/events\/dantedi-dr-klaus-engert-dante-e-le-stelle-del-cielo\/\">\r\n                <h5 class='mep_list_title'>DANTED\u00cc Dr. Klaus Engert: &#8220;Dante e le stelle del cielo&#8221;<\/h5>\r\n\t\t\t\t                    <div class=\"list_content upcomming_location\">\r\n                        <span class=\"fas fa-map-marker-alt\"><\/span>\r\n\t\t\t\t\t\t Goethe-Institut                    <\/div>\r\n\t\t\t\t                    <div class=\"list_content upcomming_organizer\">\r\n                        <span class=\"far fa-list-alt\"><\/span>\r\n\t\t\t\t\t Istituto Dante Alighieri Friburgo                    <\/div>\r\n\t\t\t            <\/a>\r\n\t\t\t\t\t\t        <\/div>\r\n    <\/div>\r\n    <div class='filter_item mep-event-list-loop  mep_event_list_item mep_event_minimal_list mix abr69f5b6d79546fmage-142 abr69f5b6d79546fmage-123 abr69f5b6d79546fmage-171'\r\n         data-title=\"Concerto Vivace: Romanticismo tedesco\"\r\n         data-city-name=\"Freiburg im Breisgau\"\r\n         data-state=\"\"\r\n         data-date=\"2025-03-22\"\r\n         data-category=\"Evento partner, Vivace\"\r\n         data-organizer=\"Vivace Freiburg e.V.\"\r\n    >\r\n\t\t\t                        <div class=\"mep-ev-start-date\">\r\n                        <div class=\"mep-day\">22<\/div>\r\n                        <div class=\"mep-month\">Mar<\/div>\r\n                    <\/div>\r\n\t\t\t\t        <div class=\"mep_list_event_details\">\r\n            <a href=\"https:\/\/dante-freiburg.de\/it\/events\/concerto-vivace-romanticismo-tedesco\/\">\r\n                <h5 class='mep_list_title'>Concerto Vivace: Romanticismo tedesco<\/h5>\r\n\t\t\t\t                    <div class=\"list_content upcomming_location\">\r\n                        <span class=\"fas fa-map-marker-alt\"><\/span>\r\n\t\t\t\t\t\t Humboldtsaal                    <\/div>\r\n\t\t\t\t                    <div class=\"list_content upcomming_organizer\">\r\n                        <span class=\"far fa-list-alt\"><\/span>\r\n\t\t\t\t\t Vivace Freiburg e.V.                    <\/div>\r\n\t\t\t            <\/a>\r\n\t\t\t\t\t\t        <\/div>\r\n    <\/div>\r\n    <div class='filter_item mep-event-list-loop  mep_event_list_item mep_event_minimal_list mix abr69f5b6d79546fmage-49 abr69f5b6d79546fmage-150 abr69f5b6d79546fmage-209'\r\n         data-title=\"Dr. Martin Faber: &#8220;Marco Polo e la conoscenza dell&#8217;Asia da parte degli europei nel Medioevo&#8221;\"\r\n         data-city-name=\"Freiburg\"\r\n         data-state=\"\"\r\n         data-date=\"2025-02-22\"\r\n         data-category=\"Conferenza, Evento culturale\"\r\n         data-organizer=\"Istituto Dante Alighieri Friburgo\"\r\n    >\r\n\t\t\t                        <div class=\"mep-ev-start-date\">\r\n                        <div class=\"mep-day\">22<\/div>\r\n                        <div class=\"mep-month\">Feb<\/div>\r\n                    <\/div>\r\n\t\t\t\t        <div class=\"mep_list_event_details\">\r\n            <a href=\"https:\/\/dante-freiburg.de\/it\/events\/dr-martin-faber-marco-polo-und-die-asienkenntnisse-der-europaeer-im-mittelalter\/\">\r\n                <h5 class='mep_list_title'>Dr. Martin Faber: &#8220;Marco Polo e la conoscenza dell&#8217;Asia da parte degli europei nel Medioevo&#8221;<\/h5>\r\n\t\t\t\t                    <div class=\"list_content upcomming_location\">\r\n                        <span class=\"fas fa-map-marker-alt\"><\/span>\r\n\t\t\t\t\t\t Albert-Ludwigs-Universit\u00e4t, KG1, HS 1015                    <\/div>\r\n\t\t\t\t                    <div class=\"list_content upcomming_organizer\">\r\n                        <span class=\"far fa-list-alt\"><\/span>\r\n\t\t\t\t\t Istituto Dante Alighieri Friburgo                    <\/div>\r\n\t\t\t            <\/a>\r\n\t\t\t\t\t\t        <\/div>\r\n    <\/div>\r\n    <div class='filter_item mep-event-list-loop  mep_event_list_item mep_event_minimal_list mix abr69f5b6d79546fmage-49 abr69f5b6d79546fmage-150 abr69f5b6d79546fmage-209'\r\n         data-title=\"Dr. Henning Hufnagel: &#8220;La visione del mondo di Dante, la base geografica della costruzione della Commedia&#8221;\"\r\n         data-city-name=\"Freiburg\"\r\n         data-state=\"\"\r\n         data-date=\"2025-01-18\"\r\n         data-category=\"Conferenza, Evento culturale\"\r\n         data-organizer=\"Istituto Dante Alighieri Friburgo\"\r\n    >\r\n\t\t\t                        <div class=\"mep-ev-start-date\">\r\n                        <div class=\"mep-day\">18<\/div>\r\n                        <div class=\"mep-month\">Gen<\/div>\r\n                    <\/div>\r\n\t\t\t\t        <div class=\"mep_list_event_details\">\r\n            <a href=\"https:\/\/dante-freiburg.de\/it\/events\/dr-henning-hufnagel-dantes-weltbild-die-geographische-grundlage-der-konstruktion-der-commedia\/\">\r\n                <h5 class='mep_list_title'>Dr. Henning Hufnagel: &#8220;La visione del mondo di Dante, la base geografica della costruzione della Commedia&#8221;<\/h5>\r\n\t\t\t\t                    <div class=\"list_content upcomming_location\">\r\n                        <span class=\"fas fa-map-marker-alt\"><\/span>\r\n\t\t\t\t\t\t Albert-Ludwigs-Universit\u00e4t, KG1, HS 1015                    <\/div>\r\n\t\t\t\t                    <div class=\"list_content upcomming_organizer\">\r\n                        <span class=\"far fa-list-alt\"><\/span>\r\n\t\t\t\t\t Istituto Dante Alighieri Friburgo                    <\/div>\r\n\t\t\t            <\/a>\r\n\t\t\t\t\t\t        <\/div>\r\n    <\/div>\r\n    <div class='filter_item mep-event-list-loop  mep_event_list_item mep_event_minimal_list mix abr69f5b6d79546fmage-49 abr69f5b6d79546fmage-59 abr69f5b6d79546fmage-282'\r\n         data-title=\"Corso di lingua, Tedesco individuale (tutti i livelli) DE-INDIVIDUAL26\"\r\n         data-city-name=\"\"\r\n         data-state=\"\"\r\n         data-date=\"2025-12-31\"\r\n         data-category=\"Corso di lingua, Offerte speciali\"\r\n         data-organizer=\"Istituto Dante Alighieri Friburgo\"\r\n    >\r\n\t\t\t                        <div class=\"mep-ev-start-date\">\r\n                        <div class=\"mep-day\">31<\/div>\r\n                        <div class=\"mep-month\">Dic<\/div>\r\n                    <\/div>\r\n\t\t\t\t        <div class=\"mep_list_event_details\">\r\n            <a href=\"https:\/\/dante-freiburg.de\/it\/events\/corso-di-lingua-tedesco-individuale-tutti-i-livelli-teindividual26\/\">\r\n                <h5 class='mep_list_title'>Corso di lingua, Tedesco individuale (tutti i livelli) DE-INDIVIDUAL26<\/h5>\r\n\t\t\t\t                    <div class=\"list_content upcomming_location\">\r\n                        <span class=\"fas fa-map-marker-alt\"><\/span>\r\n\t\t\t\t\t\t su appuntamento                    <\/div>\r\n\t\t\t\t                    <div class=\"list_content upcomming_organizer\">\r\n                        <span class=\"far fa-list-alt\"><\/span>\r\n\t\t\t\t\t Istituto Dante Alighieri Friburgo                    <\/div>\r\n\t\t\t            <\/a>\r\n\t\t\t\t\t\t        <\/div>\r\n    <\/div>\r\n    <div class='filter_item mep-event-list-loop  mep_event_list_item mep_event_minimal_list mix abr69f5b6d79546fmage-49 abr69f5b6d79546fmage-150 abr69f5b6d79546fmage-147'\r\n         data-title=\"Matin\u00e8e d&#8217;opera con Heiko Voss\"\r\n         data-city-name=\"Freiburg\"\r\n         data-state=\"\"\r\n         data-date=\"2024-12-15\"\r\n         data-category=\"Conferenza, Musica\"\r\n         data-organizer=\"Istituto Dante Alighieri Friburgo\"\r\n    >\r\n\t\t\t                        <div class=\"mep-ev-start-date\">\r\n                        <div class=\"mep-day\">15<\/div>\r\n                        <div class=\"mep-month\">Dic<\/div>\r\n                    <\/div>\r\n\t\t\t\t        <div class=\"mep_list_event_details\">\r\n            <a href=\"https:\/\/dante-freiburg.de\/it\/events\/opern-matinee-mit-heiko-voss-3\/\">\r\n                <h5 class='mep_list_title'>Matin\u00e8e d&#8217;opera con Heiko Voss<\/h5>\r\n\t\t\t\t                    <div class=\"list_content upcomming_location\">\r\n                        <span class=\"fas fa-map-marker-alt\"><\/span>\r\n\t\t\t\t\t\t Theater Freiburg, Wintererfoyer                    <\/div>\r\n\t\t\t\t                    <div class=\"list_content upcomming_organizer\">\r\n                        <span class=\"far fa-list-alt\"><\/span>\r\n\t\t\t\t\t Istituto Dante Alighieri Friburgo                    <\/div>\r\n\t\t\t            <\/a>\r\n\t\t\t\t\t\t        <\/div>\r\n    <\/div>\r\n    <div class='filter_item mep-event-list-loop  mep_event_list_item mep_event_minimal_list mix abr69f5b6d79546fmage-49 abr69f5b6d79546fmage-141 abr69f5b6d79546fmage-132 abr69f5b6d79546fmage-147'\r\n         data-title=\"Concerto di Natale italo-tedesco\"\r\n         data-city-name=\"Freiburg - St. Georgen\"\r\n         data-state=\"\"\r\n         data-date=\"2024-12-07\"\r\n         data-category=\"Festivit\u00e0, Musica\"\r\n         data-organizer=\"Istituto Dante Alighieri Friburgo, Leeck\"\r\n    >\r\n\t\t\t                        <div class=\"mep-ev-start-date\">\r\n                        <div class=\"mep-day\">07<\/div>\r\n                        <div class=\"mep-month\">Dic<\/div>\r\n                    <\/div>\r\n\t\t\t\t        <div class=\"mep_list_event_details\">\r\n            <a href=\"https:\/\/dante-freiburg.de\/it\/events\/weihnachtskonzert\/\">\r\n                <h5 class='mep_list_title'>Concerto di Natale italo-tedesco<\/h5>\r\n\t\t\t\t                    <div class=\"list_content upcomming_location\">\r\n                        <span class=\"fas fa-map-marker-alt\"><\/span>\r\n\t\t\t\t\t\t Festhalle Sch\u00f6nbergschule                    <\/div>\r\n\t\t\t\t                    <div class=\"list_content upcomming_organizer\">\r\n                        <span class=\"far fa-list-alt\"><\/span>\r\n\t\t\t\t\t Istituto Dante Alighieri Friburgo                    <\/div>\r\n\t\t\t            <\/a>\r\n\t\t\t\t\t\t        <\/div>\r\n    <\/div>\r\n    <div class='filter_item mep-event-list-loop  mep_event_list_item mep_event_minimal_list mix abr69f5b6d79546fmage-49 abr69f5b6d79546fmage-75'\r\n         data-title=\"Menu DANTE al Caff\u00e8 &#8220;La Terrazza ad Arte&#8221;\"\r\n         data-city-name=\"Freiburg im Breisgau\"\r\n         data-state=\"\"\r\n         data-date=\"2024-11-22\"\r\n         data-category=\"Arte culinaria\"\r\n         data-organizer=\"Istituto Dante Alighieri Friburgo\"\r\n    >\r\n\t\t\t                        <div class=\"mep-ev-start-date\">\r\n                        <div class=\"mep-day\">22<\/div>\r\n                        <div class=\"mep-month\">Nov<\/div>\r\n                    <\/div>\r\n\t\t\t\t        <div class=\"mep_list_event_details\">\r\n            <a href=\"https:\/\/dante-freiburg.de\/it\/events\/dante-menue-im-cafe-la-terrazza-ad-arte\/\">\r\n                <h5 class='mep_list_title'>Menu DANTE al Caff\u00e8 &#8220;La Terrazza ad Arte&#8221;<\/h5>\r\n\t\t\t\t                    <div class=\"list_content upcomming_location\">\r\n                        <span class=\"fas fa-map-marker-alt\"><\/span>\r\n\t\t\t\t\t\t Caf\u00e9 &quot;La Terrazza ad Arte&quot; im Museum f\u00fcr neue Kunst                    <\/div>\r\n\t\t\t\t                    <div class=\"list_content upcomming_organizer\">\r\n                        <span class=\"far fa-list-alt\"><\/span>\r\n\t\t\t\t\t Istituto Dante Alighieri Friburgo                    <\/div>\r\n\t\t\t            <\/a>\r\n\t\t\t\t\t\t        <\/div>\r\n    <\/div>\r\n    <div class='filter_item mep-event-list-loop  mep_event_list_item mep_event_minimal_list mix abr69f5b6d79546fmage-49 abr69f5b6d79546fmage-75'\r\n         data-title=\"Menu DANTE alla Trattoria &#8220;Tizio&#8221;\"\r\n         data-city-name=\"Freiburg im Breisgau\"\r\n         data-state=\"\"\r\n         data-date=\"2024-11-19\"\r\n         data-category=\"Arte culinaria\"\r\n         data-organizer=\"Istituto Dante Alighieri Friburgo\"\r\n    >\r\n\t\t\t                        <div class=\"mep-ev-start-date\">\r\n                        <div class=\"mep-day\">19<\/div>\r\n                        <div class=\"mep-month\">Nov<\/div>\r\n                    <\/div>\r\n\t\t\t\t        <div class=\"mep_list_event_details\">\r\n            <a href=\"https:\/\/dante-freiburg.de\/it\/events\/dante-menue-in-der-trattoria-tizio\/\">\r\n                <h5 class='mep_list_title'>Menu DANTE alla Trattoria &#8220;Tizio&#8221;<\/h5>\r\n\t\t\t\t                    <div class=\"list_content upcomming_location\">\r\n                        <span class=\"fas fa-map-marker-alt\"><\/span>\r\n\t\t\t\t\t\t Trattoria &quot;Tizio&quot;                    <\/div>\r\n\t\t\t\t                    <div class=\"list_content upcomming_organizer\">\r\n                        <span class=\"far fa-list-alt\"><\/span>\r\n\t\t\t\t\t Istituto Dante Alighieri Friburgo                    <\/div>\r\n\t\t\t            <\/a>\r\n\t\t\t\t\t\t        <\/div>\r\n    <\/div>\r\n    <div class='filter_item mep-event-list-loop  mep_event_list_item mep_event_minimal_list mix abr69f5b6d79546fmage-49 abr69f5b6d79546fmage-75'\r\n         data-title=\"Menu DANTE al Ristorante &#8220;Milano&#8221;\"\r\n         data-city-name=\"Freiburg im Breisgau\"\r\n         data-state=\"\"\r\n         data-date=\"2024-11-18\"\r\n         data-category=\"Arte culinaria\"\r\n         data-organizer=\"Istituto Dante Alighieri Friburgo\"\r\n    >\r\n\t\t\t                        <div class=\"mep-ev-start-date\">\r\n                        <div class=\"mep-day\">18<\/div>\r\n                        <div class=\"mep-month\">Nov<\/div>\r\n                    <\/div>\r\n\t\t\t\t        <div class=\"mep_list_event_details\">\r\n            <a href=\"https:\/\/dante-freiburg.de\/it\/events\/dante-menue-im-ristorante-milano\/\">\r\n                <h5 class='mep_list_title'>Menu DANTE al Ristorante &#8220;Milano&#8221;<\/h5>\r\n\t\t\t\t                    <div class=\"list_content upcomming_location\">\r\n                        <span class=\"fas fa-map-marker-alt\"><\/span>\r\n\t\t\t\t\t\t Ristorante-Pizzeria Milano                    <\/div>\r\n\t\t\t\t                    <div class=\"list_content upcomming_organizer\">\r\n                        <span class=\"far fa-list-alt\"><\/span>\r\n\t\t\t\t\t Istituto Dante Alighieri Friburgo                    <\/div>\r\n\t\t\t            <\/a>\r\n\t\t\t\t\t\t        <\/div>\r\n    <\/div>\r\n    <div class='filter_item mep-event-list-loop  mep_event_list_item mep_event_minimal_list mix abr69f5b6d79546fmage-49 abr69f5b6d79546fmage-75'\r\n         data-title=\"Menu DANTE al Ristorante &#8220;I Trulli&#8221;\"\r\n         data-city-name=\"Freiburg im Breisgau\"\r\n         data-state=\"\"\r\n         data-date=\"2024-11-16\"\r\n         data-category=\"Arte culinaria\"\r\n         data-organizer=\"Istituto Dante Alighieri Friburgo\"\r\n    >\r\n\t\t\t                        <div class=\"mep-ev-start-date\">\r\n                        <div class=\"mep-day\">16<\/div>\r\n                        <div class=\"mep-month\">Nov<\/div>\r\n                    <\/div>\r\n\t\t\t\t        <div class=\"mep_list_event_details\">\r\n            <a href=\"https:\/\/dante-freiburg.de\/it\/events\/dante-menue-im-ristorante-i-trulli\/\">\r\n                <h5 class='mep_list_title'>Menu DANTE al Ristorante &#8220;I Trulli&#8221;<\/h5>\r\n\t\t\t\t                    <div class=\"list_content upcomming_location\">\r\n                        <span class=\"fas fa-map-marker-alt\"><\/span>\r\n\t\t\t\t\t\t Ristorante-Pizzeria I Trulli                    <\/div>\r\n\t\t\t\t                    <div class=\"list_content upcomming_organizer\">\r\n                        <span class=\"far fa-list-alt\"><\/span>\r\n\t\t\t\t\t Istituto Dante Alighieri Friburgo                    <\/div>\r\n\t\t\t            <\/a>\r\n\t\t\t\t\t\t        <\/div>\r\n    <\/div>\r\n    <div class='filter_item mep-event-list-loop  mep_event_list_item mep_event_minimal_list mix abr69f5b6d79546fmage-49 abr69f5b6d79546fmage-75'\r\n         data-title=\"Settimana della cucina Italiana nel Mondo\"\r\n         data-city-name=\"Freiburg im Breisgau\"\r\n         data-state=\"\"\r\n         data-date=\"2024-11-22\"\r\n         data-category=\"Arte culinaria\"\r\n         data-organizer=\"Istituto Dante Alighieri Friburgo\"\r\n    >\r\n\t\t\t                        <div class=\"mep-ev-start-date\">\r\n                        <div class=\"mep-day\">22<\/div>\r\n                        <div class=\"mep-month\">Nov<\/div>\r\n                    <\/div>\r\n\t\t\t\t        <div class=\"mep_list_event_details\">\r\n            <a href=\"https:\/\/dante-freiburg.de\/it\/events\/woche-der-italienischen-kueche-in-der-welt\/\">\r\n                <h5 class='mep_list_title'>Settimana della cucina Italiana nel Mondo<\/h5>\r\n\t\t\t\t                    <div class=\"list_content upcomming_organizer\">\r\n                        <span class=\"far fa-list-alt\"><\/span>\r\n\t\t\t\t\t Istituto Dante Alighieri Friburgo                    <\/div>\r\n\t\t\t            <\/a>\r\n\t\t\t\t\t\t        <\/div>\r\n    <\/div>\r\n    <div class='filter_item mep-event-list-loop  mep_event_list_item mep_event_minimal_list mix abr69f5b6d79546fmage-49 abr69f5b6d79546fmage-137 abr69f5b6d79546fmage-158'\r\n         data-title=\"&#8220;Poesia e musica&#8221; &#8211; Gino Pacifico legge dal suo libro &#8220;Il risveglio di Saffo&#8221;\"\r\n         data-city-name=\"Freiburg\"\r\n         data-state=\"\"\r\n         data-date=\"2024-10-20\"\r\n         data-category=\"Evento tematico, Letteratura\"\r\n         data-organizer=\"Istituto Dante Alighieri Friburgo\"\r\n    >\r\n\t\t\t                        <div class=\"mep-ev-start-date\">\r\n                        <div class=\"mep-day\">20<\/div>\r\n                        <div class=\"mep-month\">Ott<\/div>\r\n                    <\/div>\r\n\t\t\t\t        <div class=\"mep_list_event_details\">\r\n            <a href=\"https:\/\/dante-freiburg.de\/it\/events\/lyrik-und-musik-gino-pacifico-liest-aus-seinem-buch-il-risveglio-di-saffo\/\">\r\n                <h5 class='mep_list_title'>&#8220;Poesia e musica&#8221; &#8211; Gino Pacifico legge dal suo libro &#8220;Il risveglio di Saffo&#8221;<\/h5>\r\n\t\t\t\t                    <div class=\"list_content upcomming_location\">\r\n                        <span class=\"fas fa-map-marker-alt\"><\/span>\r\n\t\t\t\t\t\t Vivace                    <\/div>\r\n\t\t\t\t                    <div class=\"list_content upcomming_organizer\">\r\n                        <span class=\"far fa-list-alt\"><\/span>\r\n\t\t\t\t\t Istituto Dante Alighieri Friburgo                    <\/div>\r\n\t\t\t            <\/a>\r\n\t\t\t\t\t\t        <\/div>\r\n    <\/div>\r\n    <div class='filter_item mep-event-list-loop  mep_event_list_item mep_event_minimal_list mix abr69f5b6d79546fmage-49 abr69f5b6d79546fmage-150'\r\n         data-title=\"Dott. Guido Giovannini: &#8220;Botticelli&#8221;\"\r\n         data-city-name=\"Freiburg\"\r\n         data-state=\"\"\r\n         data-date=\"2024-10-05\"\r\n         data-category=\"Conferenza\"\r\n         data-organizer=\"Istituto Dante Alighieri Friburgo\"\r\n    >\r\n\t\t\t                        <div class=\"mep-ev-start-date\">\r\n                        <div class=\"mep-day\">05<\/div>\r\n                        <div class=\"mep-month\">Ott<\/div>\r\n                    <\/div>\r\n\t\t\t\t        <div class=\"mep_list_event_details\">\r\n            <a href=\"https:\/\/dante-freiburg.de\/it\/events\/dr-guido-giovannini-botticelli\/\">\r\n                <h5 class='mep_list_title'>Dott. Guido Giovannini: &#8220;Botticelli&#8221;<\/h5>\r\n\t\t\t\t                    <div class=\"list_content upcomming_location\">\r\n                        <span class=\"fas fa-map-marker-alt\"><\/span>\r\n\t\t\t\t\t\t Albert-Ludwigs-Universit\u00e4t, KG1, HS 1015                    <\/div>\r\n\t\t\t\t                    <div class=\"list_content upcomming_organizer\">\r\n                        <span class=\"far fa-list-alt\"><\/span>\r\n\t\t\t\t\t Istituto Dante Alighieri Friburgo                    <\/div>\r\n\t\t\t            <\/a>\r\n\t\t\t\t\t\t        <\/div>\r\n    <\/div>\r\n    <div class='filter_item mep-event-list-loop  mep_event_list_item mep_event_minimal_list mix abr69f5b6d79546fmage-49 abr69f5b6d79546fmage-203 abr69f5b6d79546fmage-159'\r\n         data-title=\"Film &#8220;SOSTIENE PEREIRA &#8211; ERKL\u00c4RT PEREIRA&#8221; con Marcello Mastroianni\"\r\n         data-city-name=\"Freiburg\"\r\n         data-state=\"\"\r\n         data-date=\"2024-09-28\"\r\n         data-category=\"Film\"\r\n         data-organizer=\"Istituto Dante Alighieri Friburgo, Kommunales Kino\"\r\n    >\r\n\t\t\t                        <div class=\"mep-ev-start-date\">\r\n                        <div class=\"mep-day\">28<\/div>\r\n                        <div class=\"mep-month\">Set<\/div>\r\n                    <\/div>\r\n\t\t\t\t        <div class=\"mep_list_event_details\">\r\n            <a href=\"https:\/\/dante-freiburg.de\/it\/events\/film-erklaert-pereira-sostiene-pereira-mit-marcello-mastroianni\/\">\r\n                <h5 class='mep_list_title'>Film &#8220;SOSTIENE PEREIRA &#8211; ERKL\u00c4RT PEREIRA&#8221; con Marcello Mastroianni<\/h5>\r\n\t\t\t\t                    <div class=\"list_content upcomming_location\">\r\n                        <span class=\"fas fa-map-marker-alt\"><\/span>\r\n\t\t\t\t\t\t Kommunales Kino                    <\/div>\r\n\t\t\t\t                    <div class=\"list_content upcomming_organizer\">\r\n                        <span class=\"far fa-list-alt\"><\/span>\r\n\t\t\t\t\t Istituto Dante Alighieri Friburgo                    <\/div>\r\n\t\t\t            <\/a>\r\n\t\t\t\t\t\t        <\/div>\r\n    <\/div>\r\n    <div class='filter_item mep-event-list-loop  mep_event_list_item mep_event_minimal_list mix abr69f5b6d79546fmage-49 abr69f5b6d79546fmage-150'\r\n         data-title=\"Peter Kalchthaler: &#8220;Tracce dell&#8217;italiano a Freiburg&#8221;\"\r\n         data-city-name=\"Freiburg\"\r\n         data-state=\"\"\r\n         data-date=\"2024-09-14\"\r\n         data-category=\"Conferenza\"\r\n         data-organizer=\"Istituto Dante Alighieri Friburgo\"\r\n    >\r\n\t\t\t                        <div class=\"mep-ev-start-date\">\r\n                        <div class=\"mep-day\">14<\/div>\r\n                        <div class=\"mep-month\">Set<\/div>\r\n                    <\/div>\r\n\t\t\t\t        <div class=\"mep_list_event_details\">\r\n            <a href=\"https:\/\/dante-freiburg.de\/it\/events\/peter-kalchthaler-ueber-das-italienische-in-freiburg\/\">\r\n                <h5 class='mep_list_title'>Peter Kalchthaler: &#8220;Tracce dell&#8217;italiano a Freiburg&#8221;<\/h5>\r\n\t\t\t\t                    <div class=\"list_content upcomming_location\">\r\n                        <span class=\"fas fa-map-marker-alt\"><\/span>\r\n\t\t\t\t\t\t Albert-Ludwigs-Universit\u00e4t, KG1, HS 1015                    <\/div>\r\n\t\t\t\t                    <div class=\"list_content upcomming_organizer\">\r\n                        <span class=\"far fa-list-alt\"><\/span>\r\n\t\t\t\t\t Istituto Dante Alighieri Friburgo                    <\/div>\r\n\t\t\t            <\/a>\r\n\t\t\t\t\t\t        <\/div>\r\n    <\/div>\r\n    <div class='filter_item mep-event-list-loop  mep_event_list_item mep_event_minimal_list mix abr69f5b6d79546fmage-201 abr69f5b6d79546fmage-49 abr69f5b6d79546fmage-108'\r\n         data-title=\"Visita guidata speciale alla mostra \u201eGiovanni Battista Piranesi. Vedute di Roma\u201c in italiano\"\r\n         data-city-name=\"Freiburg\"\r\n         data-state=\"\"\r\n         data-date=\"2024-07-19\"\r\n         data-category=\"Escursione\"\r\n         data-organizer=\"Augustinermuseum, Istituto Dante Alighieri Friburgo\"\r\n    >\r\n\t\t\t                        <div class=\"mep-ev-start-date\">\r\n                        <div class=\"mep-day\">19<\/div>\r\n                        <div class=\"mep-month\">Lug<\/div>\r\n                    <\/div>\r\n\t\t\t\t        <div class=\"mep_list_event_details\">\r\n            <a href=\"https:\/\/dante-freiburg.de\/it\/events\/sonderfuehrung-durch-die-ausstellung-giovanni-battista-piranesi-vedute-di-roma-auf-italienisch\/\">\r\n                <h5 class='mep_list_title'>Visita guidata speciale alla mostra \u201eGiovanni Battista Piranesi. Vedute di Roma\u201c in italiano<\/h5>\r\n\t\t\t\t                    <div class=\"list_content upcomming_location\">\r\n                        <span class=\"fas fa-map-marker-alt\"><\/span>\r\n\t\t\t\t\t\t Augustinermuseum, Haus der Graphischen Sammlung, EG                    <\/div>\r\n\t\t\t\t                    <div class=\"list_content upcomming_organizer\">\r\n                        <span class=\"far fa-list-alt\"><\/span>\r\n\t\t\t\t\t Augustinermuseum                    <\/div>\r\n\t\t\t            <\/a>\r\n\t\t\t\t\t\t        <\/div>\r\n    <\/div>\r\n    <div class='filter_item mep-event-list-loop  mep_event_list_item mep_event_minimal_list mix abr69f5b6d79546fmage-164 abr69f5b6d79546fmage-49 abr69f5b6d79546fmage-150'\r\n         data-title=\"Dr. Stefan Mor\u00e9t: &#8220;Le molteplici attivit\u00e0 di Giovanni Battista Piranesi: uno sguardo all&#8217;interno dell&#8217;atelier&#8221;\"\r\n         data-city-name=\"Freiburg\"\r\n         data-state=\"\"\r\n         data-date=\"2024-07-18\"\r\n         data-category=\"Conferenza\"\r\n         data-organizer=\"Albert-Ludwigs-Universit\u00e4t Freiburg, Istituto Dante Alighieri Friburgo\"\r\n    >\r\n\t\t\t                        <div class=\"mep-ev-start-date\">\r\n                        <div class=\"mep-day\">18<\/div>\r\n                        <div class=\"mep-month\">Lug<\/div>\r\n                    <\/div>\r\n\t\t\t\t        <div class=\"mep_list_event_details\">\r\n            <a href=\"https:\/\/dante-freiburg.de\/it\/events\/dr-stefan-moret-giovanni-battista-piranesis-vielseitige-aktivitaeten-ein-blick-in-die-werkstatt\/\">\r\n                <h5 class='mep_list_title'>Dr. Stefan Mor\u00e9t: &#8220;Le molteplici attivit\u00e0 di Giovanni Battista Piranesi: uno sguardo all&#8217;interno dell&#8217;atelier&#8221;<\/h5>\r\n\t\t\t\t                    <div class=\"list_content upcomming_location\">\r\n                        <span class=\"fas fa-map-marker-alt\"><\/span>\r\n\t\t\t\t\t\t Albert-Ludwigs-Universit\u00e4t, KG1, HS 1199                    <\/div>\r\n\t\t\t\t                    <div class=\"list_content upcomming_organizer\">\r\n                        <span class=\"far fa-list-alt\"><\/span>\r\n\t\t\t\t\t Albert-Ludwigs-Universit\u00e4t Freiburg                    <\/div>\r\n\t\t\t            <\/a>\r\n\t\t\t\t\t\t        <\/div>\r\n    <\/div>\r\n    <div class='filter_item mep-event-list-loop  mep_event_list_item mep_event_minimal_list mix abr69f5b6d79546fmage-49 abr69f5b6d79546fmage-203 abr69f5b6d79546fmage-159'\r\n         data-title=\"Film &#8220;Il postino&#8221; con Massimo Troisi\"\r\n         data-city-name=\"Freiburg\"\r\n         data-state=\"\"\r\n         data-date=\"2024-07-11\"\r\n         data-category=\"Film\"\r\n         data-organizer=\"Istituto Dante Alighieri Friburgo, Kommunales Kino\"\r\n    >\r\n\t\t\t                        <div class=\"mep-ev-start-date\">\r\n                        <div class=\"mep-day\">11<\/div>\r\n                        <div class=\"mep-month\">Lug<\/div>\r\n                    <\/div>\r\n\t\t\t\t        <div class=\"mep_list_event_details\">\r\n            <a href=\"https:\/\/dante-freiburg.de\/it\/events\/film-il-postino-mit-massimo-troisi\/\">\r\n                <h5 class='mep_list_title'>Film &#8220;Il postino&#8221; con Massimo Troisi<\/h5>\r\n\t\t\t\t                    <div class=\"list_content upcomming_location\">\r\n                        <span class=\"fas fa-map-marker-alt\"><\/span>\r\n\t\t\t\t\t\t Kommunales Kino                    <\/div>\r\n\t\t\t\t                    <div class=\"list_content upcomming_organizer\">\r\n                        <span class=\"far fa-list-alt\"><\/span>\r\n\t\t\t\t\t Istituto Dante Alighieri Friburgo                    <\/div>\r\n\t\t\t            <\/a>\r\n\t\t\t\t\t\t        <\/div>\r\n    <\/div>\r\n    <div class='filter_item mep-event-list-loop  mep_event_list_item mep_event_minimal_list mix abr69f5b6d79546fmage-49 abr69f5b6d79546fmage-150'\r\n         data-title=\"Dott. Guido Giovannini: &#8220;Roma in imagini \u2013 storia di una citt\u00e0.&#8221;\"\r\n         data-city-name=\"Freiburg\"\r\n         data-state=\"\"\r\n         data-date=\"2024-07-06\"\r\n         data-category=\"Conferenza\"\r\n         data-organizer=\"Istituto Dante Alighieri Friburgo\"\r\n    >\r\n\t\t\t                        <div class=\"mep-ev-start-date\">\r\n                        <div class=\"mep-day\">06<\/div>\r\n                        <div class=\"mep-month\">Lug<\/div>\r\n                    <\/div>\r\n\t\t\t\t        <div class=\"mep_list_event_details\">\r\n            <a href=\"https:\/\/dante-freiburg.de\/it\/events\/dr-guido-giovannini-rom-in-bildern-geschichte-einer-stadt\/\">\r\n                <h5 class='mep_list_title'>Dott. Guido Giovannini: &#8220;Roma in imagini \u2013 storia di una citt\u00e0.&#8221;<\/h5>\r\n\t\t\t\t                    <div class=\"list_content upcomming_location\">\r\n                        <span class=\"fas fa-map-marker-alt\"><\/span>\r\n\t\t\t\t\t\t Albert-Ludwigs-Universit\u00e4t, KG1, HS 1015                    <\/div>\r\n\t\t\t\t                    <div class=\"list_content upcomming_organizer\">\r\n                        <span class=\"far fa-list-alt\"><\/span>\r\n\t\t\t\t\t Istituto Dante Alighieri Friburgo                    <\/div>\r\n\t\t\t            <\/a>\r\n\t\t\t\t\t\t        <\/div>\r\n    <\/div>\r\n    <div class='filter_item mep-event-list-loop  mep_event_list_item mep_event_minimal_list mix abr69f5b6d79546fmage-49 abr69f5b6d79546fmage-59'\r\n         data-title=\"Corso di lingua, Tedesco Online (tutti i livelli) TEONLINE24\"\r\n         data-city-name=\"\"\r\n         data-state=\"\"\r\n         data-date=\"2024-12-31\"\r\n         data-category=\"Corso di lingua\"\r\n         data-organizer=\"Istituto Dante Alighieri Friburgo\"\r\n    >\r\n\t\t\t                        <div class=\"mep-ev-start-date\">\r\n                        <div class=\"mep-day\">31<\/div>\r\n                        <div class=\"mep-month\">Dic<\/div>\r\n                    <\/div>\r\n\t\t\t\t        <div class=\"mep_list_event_details\">\r\n            <a href=\"https:\/\/dante-freiburg.de\/it\/events\/corso-di-lingua-tedesco-online-tutti-i-livelli-teonline-ii-24\/\">\r\n                <h5 class='mep_list_title'>Corso di lingua, Tedesco Online (tutti i livelli) TEONLINE24<\/h5>\r\n\t\t\t\t                    <div class=\"list_content upcomming_location\">\r\n                        <span class=\"fas fa-map-marker-alt\"><\/span>\r\n\t\t\t\t\t\t Online                    <\/div>\r\n\t\t\t\t                    <div class=\"list_content upcomming_organizer\">\r\n                        <span class=\"far fa-list-alt\"><\/span>\r\n\t\t\t\t\t Istituto Dante Alighieri Friburgo                    <\/div>\r\n\t\t\t            <\/a>\r\n\t\t\t\t\t\t        <\/div>\r\n    <\/div>\r\n    <div class='filter_item mep-event-list-loop  mep_event_list_item mep_event_minimal_list mix abr69f5b6d79546fmage-201 abr69f5b6d79546fmage-49 abr69f5b6d79546fmage-108'\r\n         data-title=\"Visita guidata speciale alla mostra \u201eGiovanni Battista Piranesi. Vedute di Roma\u201c\"\r\n         data-city-name=\"Freiburg\"\r\n         data-state=\"\"\r\n         data-date=\"2024-06-29\"\r\n         data-category=\"Escursione\"\r\n         data-organizer=\"Augustinermuseum, Istituto Dante Alighieri Friburgo\"\r\n    >\r\n\t\t\t                        <div class=\"mep-ev-start-date\">\r\n                        <div class=\"mep-day\">29<\/div>\r\n                        <div class=\"mep-month\">Giu<\/div>\r\n                    <\/div>\r\n\t\t\t\t        <div class=\"mep_list_event_details\">\r\n            <a href=\"https:\/\/dante-freiburg.de\/it\/events\/sonderfuehrung-durch-die-ausstellung-giovanni-battista-piranesi-vedute-di-roma\/\">\r\n                <h5 class='mep_list_title'>Visita guidata speciale alla mostra \u201eGiovanni Battista Piranesi. Vedute di Roma\u201c<\/h5>\r\n\t\t\t\t                    <div class=\"list_content upcomming_location\">\r\n                        <span class=\"fas fa-map-marker-alt\"><\/span>\r\n\t\t\t\t\t\t Augustinermuseum, Haus der Graphischen Sammlung, EG                    <\/div>\r\n\t\t\t\t                    <div class=\"list_content upcomming_organizer\">\r\n                        <span class=\"far fa-list-alt\"><\/span>\r\n\t\t\t\t\t Augustinermuseum                    <\/div>\r\n\t\t\t            <\/a>\r\n\t\t\t\t\t\t        <\/div>\r\n    <\/div>\r\n    <div class='filter_item mep-event-list-loop  mep_event_list_item mep_event_minimal_list mix abr69f5b6d79546fmage-205 abr69f5b6d79546fmage-123 abr69f5b6d79546fmage-132'\r\n         data-title=\"Mercato di partenariato della citt\u00e0 di Friburgo\"\r\n         data-city-name=\"Freiburg\"\r\n         data-state=\"\"\r\n         data-date=\"2024-06-08\"\r\n         data-category=\"Evento partner, Festivit\u00e0\"\r\n         data-organizer=\"Stadt Freiburg\"\r\n    >\r\n\t\t\t                        <div class=\"mep-ev-start-date\">\r\n                        <div class=\"mep-day\">08<\/div>\r\n                        <div class=\"mep-month\">Giu<\/div>\r\n                    <\/div>\r\n\t\t\t\t        <div class=\"mep_list_event_details\">\r\n            <a href=\"https:\/\/dante-freiburg.de\/it\/events\/partnerschaftsmarkt-der-stadt-freiburg\/\">\r\n                <h5 class='mep_list_title'>Mercato di partenariato della citt\u00e0 di Friburgo<\/h5>\r\n\t\t\t\t                    <div class=\"list_content upcomming_location\">\r\n                        <span class=\"fas fa-map-marker-alt\"><\/span>\r\n\t\t\t\t\t\t Partnerschaftsmarkt                    <\/div>\r\n\t\t\t\t                    <div class=\"list_content upcomming_organizer\">\r\n                        <span class=\"far fa-list-alt\"><\/span>\r\n\t\t\t\t\t Stadt Freiburg                    <\/div>\r\n\t\t\t            <\/a>\r\n\t\t\t\t\t\t        <\/div>\r\n    <\/div>\r\n    <div class='filter_item mep-event-list-loop  mep_event_list_item mep_event_minimal_list mix abr69f5b6d79546fmage-164 abr69f5b6d79546fmage-49 abr69f5b6d79546fmage-150'\r\n         data-title=\"Prof. Dr. Anna Schreurs-Mor\u00e9t: &#8220;Un padre racconta: I racconti d\u2019arte di Giorgio Vasari&#8221;\"\r\n         data-city-name=\"Freiburg\"\r\n         data-state=\"\"\r\n         data-date=\"2024-05-14\"\r\n         data-category=\"Conferenza\"\r\n         data-organizer=\"Albert-Ludwigs-Universit\u00e4t Freiburg, Istituto Dante Alighieri Friburgo\"\r\n    >\r\n\t\t\t                        <div class=\"mep-ev-start-date\">\r\n                        <div class=\"mep-day\">14<\/div>\r\n                        <div class=\"mep-month\">Mag<\/div>\r\n                    <\/div>\r\n\t\t\t\t        <div class=\"mep_list_event_details\">\r\n            <a href=\"https:\/\/dante-freiburg.de\/it\/events\/prof-dr-anna-schreurs-moret-ein-vater-erzaehlt-giorgio-vasaris-kunst-geschichten\/\">\r\n                <h5 class='mep_list_title'>Prof. Dr. Anna Schreurs-Mor\u00e9t: &#8220;Un padre racconta: I racconti d\u2019arte di Giorgio Vasari&#8221;<\/h5>\r\n\t\t\t\t                    <div class=\"list_content upcomming_location\">\r\n                        <span class=\"fas fa-map-marker-alt\"><\/span>\r\n\t\t\t\t\t\t Albert-Ludwigs-Universit\u00e4t, KG1, HS 1010                    <\/div>\r\n\t\t\t\t                    <div class=\"list_content upcomming_organizer\">\r\n                        <span class=\"far fa-list-alt\"><\/span>\r\n\t\t\t\t\t Albert-Ludwigs-Universit\u00e4t Freiburg                    <\/div>\r\n\t\t\t            <\/a>\r\n\t\t\t\t\t\t        <\/div>\r\n    <\/div>\r\n    <div class='filter_item mep-event-list-loop  mep_event_list_item mep_event_minimal_list mix abr69f5b6d79546fmage-49 abr69f5b6d79546fmage-83'\r\n         data-title=\"Vernissage e premiazione del concorso artistico &#8220;L&#8217;Europa nell&#8217;anno 2100&#8221;\"\r\n         data-city-name=\"Freiburg im Breisgau\"\r\n         data-state=\"\"\r\n         data-date=\"2024-05-10\"\r\n         data-category=\"Concorso\"\r\n         data-organizer=\"Istituto Dante Alighieri Friburgo\"\r\n    >\r\n\t\t\t                        <div class=\"mep-ev-start-date\">\r\n                        <div class=\"mep-day\">10<\/div>\r\n                        <div class=\"mep-month\">Mag<\/div>\r\n                    <\/div>\r\n\t\t\t\t        <div class=\"mep_list_event_details\">\r\n            <a href=\"https:\/\/dante-freiburg.de\/it\/events\/vernissage-und-preisverleihung-des-kunstwettbewerbs-2024-europa-im-jahre-2100\/\">\r\n                <h5 class='mep_list_title'>Vernissage e premiazione del concorso artistico &#8220;L&#8217;Europa nell&#8217;anno 2100&#8221;<\/h5>\r\n\t\t\t\t                    <div class=\"list_content upcomming_location\">\r\n                        <span class=\"fas fa-map-marker-alt\"><\/span>\r\n\t\t\t\t\t\t Stadtbibliothek                    <\/div>\r\n\t\t\t\t                    <div class=\"list_content upcomming_organizer\">\r\n                        <span class=\"far fa-list-alt\"><\/span>\r\n\t\t\t\t\t Istituto Dante Alighieri Friburgo                    <\/div>\r\n\t\t\t            <\/a>\r\n\t\t\t\t\t\t        <\/div>\r\n    <\/div>\r\n    <div class='filter_item mep-event-list-loop  mep_event_list_item mep_event_minimal_list mix abr69f5b6d79546fmage-142 abr69f5b6d79546fmage-147'\r\n         data-title=\"Omaggio a Antonio Pasculli &#8211; &#8220;il Paganini dell&#8217;oboe&#8221;\"\r\n         data-city-name=\"Freiburg\"\r\n         data-state=\"\"\r\n         data-date=\"2024-05-04\"\r\n         data-category=\"Musica\"\r\n         data-organizer=\"Vivace Freiburg e.V.\"\r\n    >\r\n\t\t\t                        <div class=\"mep-ev-start-date\">\r\n                        <div class=\"mep-day\">04<\/div>\r\n                        <div class=\"mep-month\">Mag<\/div>\r\n                    <\/div>\r\n\t\t\t\t        <div class=\"mep_list_event_details\">\r\n            <a href=\"https:\/\/dante-freiburg.de\/it\/events\/hommage-an-antonio-pasculli-der-paganini-der-oboe\/\">\r\n                <h5 class='mep_list_title'>Omaggio a Antonio Pasculli &#8211; &#8220;il Paganini dell&#8217;oboe&#8221;<\/h5>\r\n\t\t\t\t                    <div class=\"list_content upcomming_location\">\r\n                        <span class=\"fas fa-map-marker-alt\"><\/span>\r\n\t\t\t\t\t\t Humboldtsaal                    <\/div>\r\n\t\t\t\t                    <div class=\"list_content upcomming_organizer\">\r\n                        <span class=\"far fa-list-alt\"><\/span>\r\n\t\t\t\t\t Vivace Freiburg e.V.                    <\/div>\r\n\t\t\t            <\/a>\r\n\t\t\t\t\t\t        <\/div>\r\n    <\/div>\r\n    <div class='filter_item mep-event-list-loop  mep_event_list_item mep_event_minimal_list mix abr69f5b6d79546fmage-49 abr69f5b6d79546fmage-147'\r\n         data-title=\"Concerto &#8220;Nono \/ Sciarrino&#8221;\"\r\n         data-city-name=\"Freiburg\"\r\n         data-state=\"\"\r\n         data-date=\"2024-04-19\"\r\n         data-category=\"Musica\"\r\n         data-organizer=\"Istituto Dante Alighieri Friburgo\"\r\n    >\r\n\t\t\t                        <div class=\"mep-ev-start-date\">\r\n                        <div class=\"mep-day\">19<\/div>\r\n                        <div class=\"mep-month\">Apr<\/div>\r\n                    <\/div>\r\n\t\t\t\t        <div class=\"mep_list_event_details\">\r\n            <a href=\"https:\/\/dante-freiburg.de\/it\/events\/konzert-nono-sciarrino\/\">\r\n                <h5 class='mep_list_title'>Concerto &#8220;Nono \/ Sciarrino&#8221;<\/h5>\r\n\t\t\t\t                    <div class=\"list_content upcomming_location\">\r\n                        <span class=\"fas fa-map-marker-alt\"><\/span>\r\n\t\t\t\t\t\t Weinschl\u00f6sschen                    <\/div>\r\n\t\t\t\t                    <div class=\"list_content upcomming_organizer\">\r\n                        <span class=\"far fa-list-alt\"><\/span>\r\n\t\t\t\t\t Istituto Dante Alighieri Friburgo                    <\/div>\r\n\t\t\t            <\/a>\r\n\t\t\t\t\t\t        <\/div>\r\n    <\/div>\r\n    <div class='filter_item mep-event-list-loop  mep_event_list_item mep_event_minimal_list mix abr69f5b6d79546fmage-49 abr69f5b6d79546fmage-59'\r\n         data-title=\"Corso di lingua Tedesco livello base (A2) &#8211; HADEA2MI-II-24\"\r\n         data-city-name=\"Freiburg\"\r\n         data-state=\"\"\r\n         data-date=\"2024-07-17\"\r\n         data-category=\"Corso di lingua\"\r\n         data-organizer=\"Istituto Dante Alighieri Friburgo\"\r\n    >\r\n\t\t\t                        <div class=\"mep-ev-start-date\">\r\n                        <div class=\"mep-day\">17<\/div>\r\n                        <div class=\"mep-month\">Lug<\/div>\r\n                    <\/div>\r\n\t\t\t\t        <div class=\"mep_list_event_details\">\r\n            <a href=\"https:\/\/dante-freiburg.de\/it\/events\/corso-di-lingua-tedesco-livello-base-a2-hadea2mi-ii-24\/\">\r\n                <h5 class='mep_list_title'>Corso di lingua Tedesco livello base (A2) &#8211; HADEA2MI-II-24<\/h5>\r\n\t\t\t\t                    <div class=\"list_content upcomming_location\">\r\n                        <span class=\"fas fa-map-marker-alt\"><\/span>\r\n\t\t\t\t\t\t Vivace                    <\/div>\r\n\t\t\t\t                    <div class=\"list_content upcomming_organizer\">\r\n                        <span class=\"far fa-list-alt\"><\/span>\r\n\t\t\t\t\t Istituto Dante Alighieri Friburgo                    <\/div>\r\n\t\t\t            <\/a>\r\n\t\t\t\t\t\t        <\/div>\r\n    <\/div>\r\n    <div class='filter_item mep-event-list-loop  mep_event_list_item mep_event_minimal_list mix abr69f5b6d79546fmage-49 abr69f5b6d79546fmage-83'\r\n         data-title=\"Dante-Rap Challenge &#8211; Premiazione e performance\"\r\n         data-city-name=\"Freiburg\"\r\n         data-state=\"\"\r\n         data-date=\"2024-03-21\"\r\n         data-category=\"Concorso\"\r\n         data-organizer=\"Istituto Dante Alighieri Friburgo\"\r\n    >\r\n\t\t\t                        <div class=\"mep-ev-start-date\">\r\n                        <div class=\"mep-day\">21<\/div>\r\n                        <div class=\"mep-month\">Mar<\/div>\r\n                    <\/div>\r\n\t\t\t\t        <div class=\"mep_list_event_details\">\r\n            <a href=\"https:\/\/dante-freiburg.de\/it\/events\/dante-rap-challenge-preisverleihung-und-auffuehrung\/\">\r\n                <h5 class='mep_list_title'>Dante-Rap Challenge &#8211; Premiazione e performance<\/h5>\r\n\t\t\t\t                    <div class=\"list_content upcomming_location\">\r\n                        <span class=\"fas fa-map-marker-alt\"><\/span>\r\n\t\t\t\t\t\t Vivace                    <\/div>\r\n\t\t\t\t                    <div class=\"list_content upcomming_organizer\">\r\n                        <span class=\"far fa-list-alt\"><\/span>\r\n\t\t\t\t\t Istituto Dante Alighieri Friburgo                    <\/div>\r\n\t\t\t            <\/a>\r\n\t\t\t\t\t\t        <\/div>\r\n    <\/div>\r\n    <div class='filter_item mep-event-list-loop  mep_event_list_item mep_event_minimal_list mix abr69f5b6d79546fmage-49 abr69f5b6d79546fmage-147'\r\n         data-title=\"Karaoke internazionale\"\r\n         data-city-name=\"Freiburg\"\r\n         data-state=\"\"\r\n         data-date=\"2024-03-08\"\r\n         data-category=\"Musica\"\r\n         data-organizer=\"Istituto Dante Alighieri Friburgo\"\r\n    >\r\n\t\t\t                        <div class=\"mep-ev-start-date\">\r\n                        <div class=\"mep-day\">08<\/div>\r\n                        <div class=\"mep-month\">Mar<\/div>\r\n                    <\/div>\r\n\t\t\t\t        <div class=\"mep_list_event_details\">\r\n            <a href=\"https:\/\/dante-freiburg.de\/it\/events\/karaoke-international\/\">\r\n                <h5 class='mep_list_title'>Karaoke internazionale<\/h5>\r\n\t\t\t\t                    <div class=\"list_content upcomming_location\">\r\n                        <span class=\"fas fa-map-marker-alt\"><\/span>\r\n\t\t\t\t\t\t Vivace                    <\/div>\r\n\t\t\t\t                    <div class=\"list_content upcomming_organizer\">\r\n                        <span class=\"far fa-list-alt\"><\/span>\r\n\t\t\t\t\t Istituto Dante Alighieri Friburgo                    <\/div>\r\n\t\t\t            <\/a>\r\n\t\t\t\t\t\t        <\/div>\r\n    <\/div>\r\n    <div class='filter_item mep-event-list-loop  mep_event_list_item mep_event_minimal_list mix abr69f5b6d79546fmage-49 abr69f5b6d79546fmage-83 abr69f5b6d79546fmage-84'\r\n         data-title=\"Dante Rap Challenge &#8211; workshop preparatori\"\r\n         data-city-name=\"Freiburg\"\r\n         data-state=\"\"\r\n         data-date=\"2024-02-24\"\r\n         data-category=\"Concorso, Seminario\"\r\n         data-organizer=\"Istituto Dante Alighieri Friburgo\"\r\n    >\r\n\t\t\t                        <div class=\"mep-ev-start-date\">\r\n                        <div class=\"mep-day\">24<\/div>\r\n                        <div class=\"mep-month\">Feb<\/div>\r\n                    <\/div>\r\n\t\t\t\t        <div class=\"mep_list_event_details\">\r\n            <a href=\"https:\/\/dante-freiburg.de\/it\/events\/dante-rap-challenge-vorbereitende-workshops\/\">\r\n                <h5 class='mep_list_title'>Dante Rap Challenge &#8211; workshop preparatori<\/h5>\r\n\t\t\t\t                    <div class=\"list_content upcomming_location\">\r\n                        <span class=\"fas fa-map-marker-alt\"><\/span>\r\n\t\t\t\t\t\t Vivace Freiburg                    <\/div>\r\n\t\t\t\t                    <div class=\"list_content upcomming_organizer\">\r\n                        <span class=\"far fa-list-alt\"><\/span>\r\n\t\t\t\t\t Istituto Dante Alighieri Friburgo                    <\/div>\r\n\t\t\t            <\/a>\r\n\t\t\t\t\t\t        <\/div>\r\n    <\/div>\r\n    <div class='filter_item mep-event-list-loop  mep_event_list_item mep_event_minimal_list mix abr69f5b6d79546fmage-49 abr69f5b6d79546fmage-150'\r\n         data-title=\"Dott. Guido Giovannini: &#8220;Napoli &#8211; appunti di un viaggiatore&#8221;\"\r\n         data-city-name=\"Freiburg\"\r\n         data-state=\"\"\r\n         data-date=\"2024-02-23\"\r\n         data-category=\"Conferenza\"\r\n         data-organizer=\"Istituto Dante Alighieri Friburgo\"\r\n    >\r\n\t\t\t                        <div class=\"mep-ev-start-date\">\r\n                        <div class=\"mep-day\">23<\/div>\r\n                        <div class=\"mep-month\">Feb<\/div>\r\n                    <\/div>\r\n\t\t\t\t        <div class=\"mep_list_event_details\">\r\n            <a href=\"https:\/\/dante-freiburg.de\/it\/events\/dr-guido-giovannini-napoli-appunti-di-un-viaggiatore\/\">\r\n                <h5 class='mep_list_title'>Dott. Guido Giovannini: &#8220;Napoli &#8211; appunti di un viaggiatore&#8221;<\/h5>\r\n\t\t\t\t                    <div class=\"list_content upcomming_location\">\r\n                        <span class=\"fas fa-map-marker-alt\"><\/span>\r\n\t\t\t\t\t\t Stadtbibliothek                    <\/div>\r\n\t\t\t\t                    <div class=\"list_content upcomming_organizer\">\r\n                        <span class=\"far fa-list-alt\"><\/span>\r\n\t\t\t\t\t Istituto Dante Alighieri Friburgo                    <\/div>\r\n\t\t\t            <\/a>\r\n\t\t\t\t\t\t        <\/div>\r\n    <\/div>\r\n    <div class='filter_item mep-event-list-loop  mep_event_list_item mep_event_minimal_list mix abr69f5b6d79546fmage-142 abr69f5b6d79546fmage-123 abr69f5b6d79546fmage-147 abr69f5b6d79546fmage-171'\r\n         data-title=\"Se bastasse una sola canzone\"\r\n         data-city-name=\"Freiburg\"\r\n         data-state=\"\"\r\n         data-date=\"2024-02-03\"\r\n         data-category=\"Evento partner, Musica, Vivace\"\r\n         data-organizer=\"Vivace Freiburg e.V.\"\r\n    >\r\n\t\t\t                        <div class=\"mep-ev-start-date\">\r\n                        <div class=\"mep-day\">03<\/div>\r\n                        <div class=\"mep-month\">Feb<\/div>\r\n                    <\/div>\r\n\t\t\t\t        <div class=\"mep_list_event_details\">\r\n            <a href=\"https:\/\/dante-freiburg.de\/it\/events\/se-bastasse-una-sola-canzone\/\">\r\n                <h5 class='mep_list_title'>Se bastasse una sola canzone<\/h5>\r\n\t\t\t\t                    <div class=\"list_content upcomming_location\">\r\n                        <span class=\"fas fa-map-marker-alt\"><\/span>\r\n\t\t\t\t\t\t Kompetenzzentrum Tourismus                    <\/div>\r\n\t\t\t\t                    <div class=\"list_content upcomming_organizer\">\r\n                        <span class=\"far fa-list-alt\"><\/span>\r\n\t\t\t\t\t Vivace Freiburg e.V.                    <\/div>\r\n\t\t\t            <\/a>\r\n\t\t\t\t\t\t        <\/div>\r\n    <\/div>\r\n    <div class='filter_item mep-event-list-loop  mep_event_list_item mep_event_minimal_list mix abr69f5b6d79546fmage-142 abr69f5b6d79546fmage-123 abr69f5b6d79546fmage-147 abr69f5b6d79546fmage-171'\r\n         data-title=\"Hommage a Fabrizio de Andr\u00e9\"\r\n         data-city-name=\"Freiburg\"\r\n         data-state=\"\"\r\n         data-date=\"2024-01-26\"\r\n         data-category=\"Evento partner, Musica, Vivace\"\r\n         data-organizer=\"Vivace Freiburg e.V.\"\r\n    >\r\n\t\t\t                        <div class=\"mep-ev-start-date\">\r\n                        <div class=\"mep-day\">26<\/div>\r\n                        <div class=\"mep-month\">Gen<\/div>\r\n                    <\/div>\r\n\t\t\t\t        <div class=\"mep_list_event_details\">\r\n            <a href=\"https:\/\/dante-freiburg.de\/it\/events\/hommage-an-fabrizio-de-andre\/\">\r\n                <h5 class='mep_list_title'>Hommage a Fabrizio de Andr\u00e9<\/h5>\r\n\t\t\t\t                    <div class=\"list_content upcomming_location\">\r\n                        <span class=\"fas fa-map-marker-alt\"><\/span>\r\n\t\t\t\t\t\t Kompetenzzentrum Tourismus                    <\/div>\r\n\t\t\t\t                    <div class=\"list_content upcomming_organizer\">\r\n                        <span class=\"far fa-list-alt\"><\/span>\r\n\t\t\t\t\t Vivace Freiburg e.V.                    <\/div>\r\n\t\t\t            <\/a>\r\n\t\t\t\t\t\t        <\/div>\r\n    <\/div>\r\n    <div class='filter_item mep-event-list-loop  mep_event_list_item mep_event_minimal_list mix abr69f5b6d79546fmage-49 abr69f5b6d79546fmage-59'\r\n         data-title=\"Corso di lingua Tedesco livello base (A2) &#8211; HADEA2MI-I-24\"\r\n         data-city-name=\"Freiburg\"\r\n         data-state=\"\"\r\n         data-date=\"2024-03-20\"\r\n         data-category=\"Corso di lingua\"\r\n         data-organizer=\"Istituto Dante Alighieri Friburgo\"\r\n    >\r\n\t\t\t                        <div class=\"mep-ev-start-date\">\r\n                        <div class=\"mep-day\">20<\/div>\r\n                        <div class=\"mep-month\">Mar<\/div>\r\n                    <\/div>\r\n\t\t\t\t        <div class=\"mep_list_event_details\">\r\n            <a href=\"https:\/\/dante-freiburg.de\/it\/events\/corso-di-lingua-tedesco-livello-base-a2-hadea2mi-i-24\/\">\r\n                <h5 class='mep_list_title'>Corso di lingua Tedesco livello base (A2) &#8211; HADEA2MI-I-24<\/h5>\r\n\t\t\t\t                    <div class=\"list_content upcomming_location\">\r\n                        <span class=\"fas fa-map-marker-alt\"><\/span>\r\n\t\t\t\t\t\t Vivace                    <\/div>\r\n\t\t\t\t                    <div class=\"list_content upcomming_organizer\">\r\n                        <span class=\"far fa-list-alt\"><\/span>\r\n\t\t\t\t\t Istituto Dante Alighieri Friburgo                    <\/div>\r\n\t\t\t            <\/a>\r\n\t\t\t\t\t\t        <\/div>\r\n    <\/div>\r\n    <div class='filter_item mep-event-list-loop  mep_event_list_item mep_event_minimal_list mix abr69f5b6d79546fmage-49 abr69f5b6d79546fmage-59'\r\n         data-title=\"Corso di lingua, Tedesco Online (tutti i livelli) TEONLINE-I-24\"\r\n         data-city-name=\"\"\r\n         data-state=\"\"\r\n         data-date=\"2024-03-22\"\r\n         data-category=\"Corso di lingua\"\r\n         data-organizer=\"Istituto Dante Alighieri Friburgo\"\r\n    >\r\n\t\t\t                        <div class=\"mep-ev-start-date\">\r\n                        <div class=\"mep-day\">22<\/div>\r\n                        <div class=\"mep-month\">Mar<\/div>\r\n                    <\/div>\r\n\t\t\t\t        <div class=\"mep_list_event_details\">\r\n            <a href=\"https:\/\/dante-freiburg.de\/it\/events\/sprachkurse-italienisch-online-alle-level-caonline-i-24\/\">\r\n                <h5 class='mep_list_title'>Corso di lingua, Tedesco Online (tutti i livelli) TEONLINE-I-24<\/h5>\r\n\t\t\t\t                    <div class=\"list_content upcomming_location\">\r\n                        <span class=\"fas fa-map-marker-alt\"><\/span>\r\n\t\t\t\t\t\t Online                    <\/div>\r\n\t\t\t\t                    <div class=\"list_content upcomming_organizer\">\r\n                        <span class=\"far fa-list-alt\"><\/span>\r\n\t\t\t\t\t Istituto Dante Alighieri Friburgo                    <\/div>\r\n\t\t\t            <\/a>\r\n\t\t\t\t\t\t        <\/div>\r\n    <\/div>\r\n\t\t\t\t\t\t\t\t\t\t\t\t                                <\/div>\n                            <\/div>\n\t\t\t\t\t\t\t                <input type=\"hidden\" name=\"pagination_per_page\" value=\"30\"\/>\n                <input type=\"hidden\" name=\"pagination_style\" value=\"load_more\"\/>\n\t\t\t\t                    <div class=\"mpwem_style pagination_area\">\n                        <div class=\"allCenter\">\n\t\t\t\t\t\t\t                                    <button type=\"button\"\n                                            class=\"defaultButton pagination_load_more\"\n                                            data-load-more=\"0\"\n                                            data-load-more-text=\"Carica di pi\u00f9\"\n                                            data-load-less-text=\"Meno Altro\"\n                                    >\n\t\t\t\t\t\t\t\t\t\tCarica di pi\u00f9                                    <\/button>\n\t\t\t\t\t\t\t\t\t                        <\/div>\n                    <\/div>\n\t\t\t\t\t                <\/div>\n                <script>\n                    jQuery(document).ready(function () {\n                        var containerEl = document.querySelector('#mep_event_list_abr69f5b6d79546f');\n                        var mixer = mixitup(containerEl, {\n                            selectors: {\n                                target: '.mep-event-list-loop',\n                                control: '[data-mixitup-control]'\n                            }\n                        });\n                        \/\/ Handle title filter input\n                        jQuery('input[name=\"filter_with_title\"]').on('keyup', function () {\n                            var searchText = jQuery(this).val().toLowerCase();\n                            var items = jQuery('.mep-event-list-loop');\n                            items.each(function () {\n                                var itemTitle = jQuery(this).data('title').toLowerCase();\n                                if (itemTitle.indexOf(searchText) > -1) {\n                                    jQuery(this).show();\n                                } else {\n                                    jQuery(this).hide();\n                                }\n                            });\n                        });\n                        \/\/ Handle date filter change\n                        jQuery('input[name=\"filter_with_date\"]').on('change', function () {\n                            var selectedDate = jQuery(this).val();\n                            var items = jQuery('.mep-event-list-loop');\n                            if (!selectedDate) {\n                                items.show();\n                            } else {\n                                var filterDate = new Date(selectedDate);\n                                filterDate.setHours(0, 0, 0, 0); \/\/ Reset time part for date comparison\n                                items.each(function () {\n                                    var itemDate = new Date(jQuery(this).data('date'));\n                                    itemDate.setHours(0, 0, 0, 0); \/\/ Reset time part for date comparison\n                                    if (itemDate.getTime() === filterDate.getTime()) {\n                                        jQuery(this).show();\n                                    } else {\n                                        jQuery(this).hide();\n                                    }\n                                });\n                            }\n                        });\n                        \/\/ Handle state filter change\n                        jQuery('select[name=\"filter_with_state\"]').on('change', function () {\n                            var state = jQuery(this).val();\n                            var items = jQuery('.mep-event-list-loop');\n                            if (state === '') {\n                                items.show();\n                            } else {\n                                items.each(function () {\n                                    var itemState = jQuery(this).data('state');\n                                    if (itemState === state) {\n                                        jQuery(this).show();\n                                    } else {\n                                        jQuery(this).hide();\n                                    }\n                                });\n                            }\n                        });\n                        \/\/ Handle city filter change\n                        jQuery('select[name=\"filter_with_city\"]').on('change', function () {\n                            applyAllFilters();\n                        });\n                        \/\/ Handle category filter change\n                        jQuery('select[name=\"filter_with_category\"]').on('change', function () {\n                            applyAllFilters();\n                        });\n                        \/\/ Handle organizer filter change\n                        jQuery('select[name=\"filter_with_organizer\"]').on('change', function () {\n                            applyAllFilters();\n                        });\n                        \/\/ Combined filter function that applies all filters\n                        function applyAllFilters() {\n                            var titleFilter = jQuery('input[name=\"filter_with_title\"]').val().toLowerCase();\n                            var dateFilter = jQuery('input[name=\"filter_with_date\"]').val();\n                            var stateFilter = jQuery('select[name=\"filter_with_state\"]').val();\n                            var cityFilter = jQuery('select[name=\"filter_with_city\"]').val();\n                            var categoryFilter = jQuery('select[name=\"filter_with_category\"]').val();\n                            var organizerFilter = jQuery('select[name=\"filter_with_organizer\"]').val();\n                            var visibleCount = 0;\n                            jQuery('.mep-event-list-loop').each(function () {\n                                var $item = jQuery(this);\n                                var show = true;\n                                \/\/ Title filter\n                                if (titleFilter) {\n                                    var itemTitle = ($item.data('title') || '').toLowerCase();\n                                    if (itemTitle.indexOf(titleFilter) === -1) {\n                                        show = false;\n                                    }\n                                }\n                                \/\/ Date filter\n                                if (show && dateFilter) {\n                                    var itemDate = $item.data('date');\n                                    if (itemDate) {\n                                        var filterDate = new Date(dateFilter);\n                                        filterDate.setHours(0, 0, 0, 0);\n                                        var itemDateObj = new Date(itemDate);\n                                        itemDateObj.setHours(0, 0, 0, 0);\n                                        if (itemDateObj.getTime() !== filterDate.getTime()) {\n                                            show = false;\n                                        }\n                                    } else {\n                                        show = false;\n                                    }\n                                }\n                                \/\/ State filter\n                                if (show && stateFilter) {\n                                    var itemState = $item.data('state') || '';\n                                    if (itemState !== stateFilter) {\n                                        show = false;\n                                    }\n                                }\n                                \/\/ City filter\n                                if (show && cityFilter) {\n                                    var itemCity = $item.data('city-name') || '';\n                                    if (itemCity !== cityFilter) {\n                                        show = false;\n                                    }\n                                }\n                                \/\/ Category filter\n                                if (show && categoryFilter) {\n                                    var itemCategory = $item.data('category') || '';\n                                    \/\/ Check if category matches (can be comma-separated)\n                                    var itemCategories = itemCategory.split(',').map(function (c) {\n                                        return c.trim();\n                                    });\n                                    if (itemCategories.indexOf(categoryFilter) === -1) {\n                                        show = false;\n                                    }\n                                }\n                                \/\/ Organizer filter\n                                if (show && organizerFilter) {\n                                    var itemOrganizer = $item.data('organizer') || '';\n                                    \/\/ Check if organizer matches (can be comma-separated)\n                                    var itemOrganizers = itemOrganizer.split(',').map(function (o) {\n                                        return o.trim();\n                                    });\n                                    if (itemOrganizers.indexOf(organizerFilter) === -1) {\n                                        show = false;\n                                    }\n                                }\n                                if (show) {\n                                    $item.show();\n                                    visibleCount++;\n                                } else {\n                                    $item.hide();\n                                }\n                            });\n                            \/\/ Update count display\n                            jQuery('.qty_count').text(visibleCount);\n                        }\n                        \/\/ Update title filter to use combined function\n                        jQuery('input[name=\"filter_with_title\"]').off('keyup').on('keyup', function () {\n                            applyAllFilters();\n                        });\n                        \/\/ Update date filter to use combined function\n                        jQuery('input[name=\"filter_with_date\"]').off('change').on('change', function () {\n                            applyAllFilters();\n                        });\n                        \/\/ Update state filter to use combined function\n                        jQuery('select[name=\"filter_with_state\"]').off('change').on('change', function () {\n                            applyAllFilters();\n                        });\n\t\t\t\t\t\t                    });\n                <\/script>\n                <\/div>\r\n\t\t\t\t<\/div>\n\t\t\t\t<\/div>\n\t\t\t\t\t<\/div>\n\t\t<\/div>\n\t\t\t\t\t<\/div>\n\t\t<\/section>\n\t\t\t\t<\/div>\n\t\t","protected":false},"excerpt":{"rendered":"<p>Archivio eventi Alles Ausstellung Exkursion Festivit\u00e4t Film Kulinarik Kulturveranstaltung Literatur Musik Partner-Event Sprachkurs Themen-Event Vivace Vortrag Wettbewerb Workshop 29 M\u00e4rz Festa di primavera &#8211; Zuh\u00f6ren, tanzen, trinken und essen Festhalle Sch\u00f6nbergschule, Freiburg-St. Georgen 29 M\u00e4rz Vivacine-Film: Eine Welt f\u00fcr sich Stadtbiliothek L\u00f6rrach, L\u00f6rrach 25 M\u00e4rz DANTED\u00cc Dr. Klaus Engert: &#8220;Dante und die Sterne des Himmels&#8221; [&hellip;]<\/p>\n","protected":false},"author":1,"featured_media":0,"parent":0,"menu_order":0,"comment_status":"closed","ping_status":"closed","template":"","meta":{"_acf_changed":false,"ngg_post_thumbnail":0,"footnotes":""},"categories":[],"tags":[],"class_list":["post-4273","page","type-page","status-publish","hentry"],"acf":[],"_links":{"self":[{"href":"https:\/\/dante-freiburg.de\/it\/wp-json\/wp\/v2\/pages\/4273","targetHints":{"allow":["GET"]}}],"collection":[{"href":"https:\/\/dante-freiburg.de\/it\/wp-json\/wp\/v2\/pages"}],"about":[{"href":"https:\/\/dante-freiburg.de\/it\/wp-json\/wp\/v2\/types\/page"}],"author":[{"embeddable":true,"href":"https:\/\/dante-freiburg.de\/it\/wp-json\/wp\/v2\/users\/1"}],"replies":[{"embeddable":true,"href":"https:\/\/dante-freiburg.de\/it\/wp-json\/wp\/v2\/comments?post=4273"}],"version-history":[{"count":0,"href":"https:\/\/dante-freiburg.de\/it\/wp-json\/wp\/v2\/pages\/4273\/revisions"}],"wp:attachment":[{"href":"https:\/\/dante-freiburg.de\/it\/wp-json\/wp\/v2\/media?parent=4273"}],"wp:term":[{"taxonomy":"category","embeddable":true,"href":"https:\/\/dante-freiburg.de\/it\/wp-json\/wp\/v2\/categories?post=4273"},{"taxonomy":"post_tag","embeddable":true,"href":"https:\/\/dante-freiburg.de\/it\/wp-json\/wp\/v2\/tags?post=4273"}],"curies":[{"name":"wp","href":"https:\/\/api.w.org\/{rel}","templated":true}]}}